{"id":163,"date":"2011-12-27T13:40:55","date_gmt":"2011-12-27T13:40:55","guid":{"rendered":"http:\/\/cossalter.net\/?page_id=163"},"modified":"2019-07-29T12:06:47","modified_gmt":"2019-07-29T12:06:47","slug":"curriculum","status":"publish","type":"page","link":"https:\/\/www.cossalter.net\/?page_id=163","title":{"rendered":"Curriculum"},"content":{"rendered":"<p>[et_pb_section fb_built=&#8221;1&#8243; admin_label=&#8221;section&#8221; _builder_version=&#8221;3.0.47&#8243;][et_pb_row admin_label=&#8221;row&#8221; _builder_version=&#8221;3.0.47&#8243; background_size=&#8221;initial&#8221; background_position=&#8221;top_left&#8221; background_repeat=&#8221;repeat&#8221;][et_pb_column type=&#8221;4_4&#8243; _builder_version=&#8221;3.0.47&#8243; parallax=&#8221;off&#8221; parallax_method=&#8221;on&#8221;][et_pb_text admin_label=&#8221;Text&#8221; _builder_version=&#8221;3.0.47&#8243; background_size=&#8221;initial&#8221; background_position=&#8221;top_left&#8221; background_repeat=&#8221;repeat&#8221;]<\/p>\n<p>&nbsp;<\/p>\n<p><a href=\"http:\/\/cossalter.net\/wp-content\/uploads\/2017\/11\/Portrait_Cossalter.jpg\"><img loading=\"lazy\" decoding=\"async\" class=\"wp-image-793 size-thumbnail alignleft\" src=\"http:\/\/cossalter.net\/wp-content\/uploads\/2017\/11\/Portrait_Cossalter-150x150.jpg\" alt=\"\" width=\"150\" height=\"150\" srcset=\"https:\/\/www.cossalter.net\/wp-content\/uploads\/2017\/11\/Portrait_Cossalter-150x150.jpg 150w, https:\/\/www.cossalter.net\/wp-content\/uploads\/2017\/11\/Portrait_Cossalter-300x300.jpg 300w, https:\/\/www.cossalter.net\/wp-content\/uploads\/2017\/11\/Portrait_Cossalter-768x769.jpg 768w, https:\/\/www.cossalter.net\/wp-content\/uploads\/2017\/11\/Portrait_Cossalter-32x32.jpg 32w, https:\/\/www.cossalter.net\/wp-content\/uploads\/2017\/11\/Portrait_Cossalter-64x64.jpg 64w, https:\/\/www.cossalter.net\/wp-content\/uploads\/2017\/11\/Portrait_Cossalter-96x96.jpg 96w, https:\/\/www.cossalter.net\/wp-content\/uploads\/2017\/11\/Portrait_Cossalter-128x128.jpg 128w, https:\/\/www.cossalter.net\/wp-content\/uploads\/2017\/11\/Portrait_Cossalter.jpg 851w\" sizes=\"(max-width: 150px) 100vw, 150px\" \/><\/a><\/p>\n<p><strong>Chaire de droit public fran\u00e7ais de l&#8217;Universit\u00e9 de la Sarre<\/strong><\/p>\n<p><strong>Directeur du Centre juridique franco-allemand<\/strong><\/p>\n<p><strong>Membre du Centre de droit public compar\u00e9 de l&#8217;Universit\u00e9 Panth\u00e9on-Assas (Paris 2)<\/strong><\/p>\n<p><em>\u00a0<\/em><\/p>\n<h2>Fonctions actuelles<\/h2>\n<ul>\n<li>Directeur du Centre juridique franco-allemand<\/li>\n<li>Doyen en charge des \u00e9tudes (<em>Studiendekan<\/em>) de la facult\u00e9 de droit de l\u2019Universit\u00e9 de la Sarre<\/li>\n<li>Titulaire de la Chaire de droit public fran\u00e7ais de l\u2019Universit\u00e9 de la Sarre<\/li>\n<li>Professeur d\u00e9tach\u00e9 de l\u2019Universit\u00e9 de Lille<\/li>\n<li>Membre du<span>\u00a0<\/span><em>Vereinigung der Deutschen Staatsrechtslehrer<\/em><\/li>\n<li>Membre du directoire de l\u2019<em>Institut f\u00fcr Rechtsinformatik<\/em><span>\u00a0<\/span>de l\u2019Universit\u00e9 de la Sarre<\/li>\n<li>Membre du Conseil scientifique du Centre de droit public compar\u00e9 de l\u2019Universit\u00e9 Panth\u00e9on-Assas (Paris II)<\/li>\n<li>Membre associ\u00e9 de l\u2019Institut de recherche sur l\u2019\u00e9volution de l\u2019Etat et de la Nation (IRENEE), Universit\u00e9 de Lorraine<\/li>\n<\/ul>\n<p><strong>Titres et Formation<\/strong><\/p>\n<div>\n<ul>\n<li>\u00a0Admis au concours externe d\u2019agr\u00e9gation de droit public, juin 2010.<\/li>\n<li>Ma\u00eetre de conf\u00e9rences \u00e0 l\u2019Universit\u00e9 Panth\u00e9on-Assas (Paris II), septembre 2006 \u2013 septembre 2010<\/li>\n<li>Qualifi\u00e9 aux fonctions de ma\u00eetre de conf\u00e9rences par la CNU (section 02) en mars 2006.<\/li>\n<li>Laur\u00e9at de l\u2019Ecole fran\u00e7aise du barreau, septembre 2005.<\/li>\n<li>Dipl\u00f4m\u00e9 de l\u2019Institut de droit public des affaires, septembre 2005.<\/li>\n<li>Doctorat de droit public \u00e0 l\u2019Universit\u00e9 Panth\u00e9on-Assas Paris II, sur\u00a0: \u00ab\u00a0Les d\u00e9l\u00e9gations d\u2019activit\u00e9s publiques dans l\u2019Union europ\u00e9enne\u00a0\u00bb, sous la direction de Monsieur le professeur Pierre Delvolv\u00e9 (soutenance le 6 septembre 2005).<\/li>\n<li>\u00a0DEA de droit public interne \u00e0 l\u2019Universit\u00e9 Panth\u00e9on-Assas Paris II, juin 1999.<\/li>\n<li>Ma\u00eetrise de droit public \u00e0 l\u2019Universit\u00e9 de Nancy 2, juin 1997.<\/li>\n<li>Ma\u00eetrise de droit des affaires \u00e0 l\u2019Universit\u00e9 de Nancy 2, juin 1997.<\/li>\n<li>Licence d\u2019histoire de l\u2019art \u00e0 l\u2019Universit\u00e9 de Nancy 2, juin 2000.<\/li>\n<li>Licence de droit public \u00e0 l\u2019Universit\u00e9 de Nancy 2, juin 1996.<\/li>\n<\/ul>\n<\/div>\n<p>&nbsp;<\/p>\n<h2>Principales exp\u00e9riences professionnelles<\/h2>\n<ul>\n<li>Ma\u00eetre de conf\u00e9rences \u00e0 l\u2019Universit\u00e9 Panth\u00e9on-Assas (Paris II) 2006 \u2013 2010<\/li>\n<li>ATER en Droit public (temps plein) \u00e0 l\u2019Universit\u00e9 Panth\u00e9on-Assas Paris II, 2002-2004<\/li>\n<li>Charg\u00e9 de mission \u00e0 l\u2019Institut de la gestion d\u00e9l\u00e9gu\u00e9, 1999-2002<\/li>\n<li>Secr\u00e9taire de r\u00e9daction, administrateur et webmestre de la revue en ligne Droit 21 (www.droit21.com) 2000-2003<\/li>\n<li>Assistant de recherches \u00e0 l\u2019Institut international d\u2019administration publique IIAP, 1999 \u2013 2001<\/li>\n<li>Secr\u00e9taire de la<span>\u00a0<\/span><i>Revue fran\u00e7aise d\u2019administration publique<\/i><span>\u00a0<\/span>(RFAP)<\/li>\n<li>Assistant pour l\u2019organisation du 24\u00b0 congr\u00e8s international des sciences administratives \u00e0 l\u2019IFSA (Conseil d\u2019\u00c9tat), 1997 \u2013 1998<\/li>\n<\/ul>\n<p>&nbsp;<\/p>\n<h2>Activit\u00e9s d\u2019enseignement<\/h2>\n<p>&nbsp;<\/p>\n<h3>Cours<\/h3>\n<ul>\n<li>\u00a0<strong>Droit constitutionnel<\/strong>, 1\u00e8re ann\u00e9e droit, Universit\u00e9 de la Sarre, depuis 2010<\/li>\n<li><strong>\u00a0Droit administratif<\/strong>, 2\u00e8me ann\u00e9e droit, Universit\u00e9 de la Sarre, depuis 2010<\/li>\n<li><strong>Internationalisation du droit administratif<\/strong>, Master 2 \u201cRecherche\u201d Droit public compar\u00e9, Universit\u00e9 Panth\u00e9on-Assas (Paris II), depuis 2014<\/li>\n<li><strong>Droit des contrats publics<\/strong>, Master 2 Droit de l\u2019urbanisme, Universit\u00e9 de Lorraine, depuis 2013<\/li>\n<li>Droit europ\u00e9en et droit compar\u00e9 des contrats de la commande publique, Master DERE, Sciences-Po Strasbourg, 2011-2014<\/li>\n<li>Syst\u00e8me fiscal fran\u00e7ais, Licence 3 AES-AGE, Universit\u00e9 Panth\u00e9on-Assas (Paris II), 2008-2009<\/li>\n<li>\u00a0Droit administratif, Master 1 Droit, Universit\u00e9 ELTE (Budapest), 2008-2009<\/li>\n<li>\u00a0Droit fiscal g\u00e9n\u00e9ral, capacit\u00e9 2\u00e8me ann\u00e9e, Universit\u00e9 Panth\u00e9on-Assas (Paris II), 2006-2008<\/li>\n<\/ul>\n<p>&nbsp;<\/p>\n<h3>Travaux dirig\u00e9s<\/h3>\n<ul>\n<li>\u00a0Droit administratif, pour Monsieur le professeur Pierre Delvolv\u00e9, licence 2<sup>\u00e8me<\/sup><span>\u00a0<\/span>ann\u00e9e, 2002-2004, 2006-2008<\/li>\n<li>Droit public de l\u2019\u00e9conomie, pour Madame le professeur Martine Lombard, Master 1, 2002-2004, 2007-2009<\/li>\n<li>Droit constitutionnel, pour Monsieur le professeur Philippe Lauvaux, Licence 1<sup>\u00e8re<\/sup><span>\u00a0<\/span>ann\u00e9e, 2006-2007<\/li>\n<li>Fiscalit\u00e9 des contrats administratifs, M2 Droit public de l\u2019\u00e9conomie, Universit\u00e9 de Nantes, 2008-2010<\/li>\n<\/ul>\n<p>&nbsp;<\/p>\n<h2>Activit\u00e9s scientifiques<\/h2>\n<ul>\n<li>Directeur de la publication de la Revue g\u00e9n\u00e9rale du droit (<a href=\"http:\/\/www.revuegeneraledudroit.eu\/\" target=\"_blank\" rel=\"noopener\">www.revuegeneraledudroit.eu<\/a>)<\/li>\n<li>Directeur de la publication de BIJUS (<a href=\"http:\/\/www.%20bijus.eu\/\" target=\"_blank\" rel=\"noopener\">www.bijus.eu<\/a>)<\/li>\n<li>Directeur de la publication des Editions juridiques franco-allemandes (<a href=\"http:\/\/www.ejfa-editions.eu\/\" target=\"_blank\" rel=\"noopener\">www.ejfa-editions.eu<\/a>)<\/li>\n<li>Expert \u00e9tranger aupr\u00e8s du MIUR (<a href=\"http:\/\/www.istruzione.it\/\" target=\"_blank\" rel=\"noopener\">Ministero dell\u2019Istruzione, dell\u2019Universit\u00e0 e della Ricerca<\/a>)<\/li>\n<li>Membre fondateur du Laboratoire m\u00e9diterran\u00e9en de droit public (<a href=\"http:\/\/www.lm-dp.org\/\" target=\"_blank\" rel=\"noopener\">http:\/\/www.lm-dp.org\/<\/a>)<\/li>\n<li>Membre du r\u00e9seau\u00a0Public Contracts in Legal Globalization (PCLG) (<a href=\"http:\/\/www.public-contracts.net\/\" target=\"_blank\" rel=\"noopener\">http:\/\/www.public-contracts.net<\/a>)<\/li>\n<\/ul>\n<p>&nbsp;<\/p>\n<h2>Ouvrages r\u00e9dig\u00e9s et co-r\u00e9dig\u00e9s<\/h2>\n<ul>\n<li><em>Guide de la commande publique<span>\u00a0<\/span><\/em>(co-auteur), Paris, Le Moniteur, 2007; 2\u00e8me \u00e9dition 2009; 3\u00e8me \u00e9dition 2012; 4\u00e8me \u00e9dition 2017.<\/li>\n<li><span>Pr\u00e9face et traduction de Cassese (Sabino),\u00a0<em>Au-del\u00e0 de l\u2019Etat<\/em>, Bruxelles, Bruylant, 2011 (Titre original Oltre lo Stato, Editions Laterza, 2006)<\/span><\/li>\n<li><em>Les d\u00e9l\u00e9gations d\u2019activit\u00e9s publiques dans l\u2019Union europ\u00e9enne<\/em>, Paris, LGDJ (coll. \u201cBiblioth\u00e8que de droit public\u201d, tome 249), 2007.<\/li>\n<\/ul>\n<p>&nbsp;<\/p>\n<h2>Ouvrages dirig\u00e9s<\/h2>\n<ul>\n<li>avec Claude Witz (Dir.),<span>\u00a0<\/span><em>60 ans d\u2019influences juridiques r\u00e9ciproques franco-allemandes<\/em>, Soci\u00e9t\u00e9 de L\u00e9gislation compar\u00e9e, 2016.<\/li>\n<li>(Ed.)<span>\u00a0<\/span><em>Grenz\u00fcberschreitende Zusammenarbeit in der Gro\u00dfregion : eine Bestandsaufnahme<\/em>, Edition juridiques franco-allemandes, (coll. \u201eRevue g\u00e9n\u00e9rale du droit\u201c, S\u00e9rie Colloques), 2016.<\/li>\n<\/ul>\n<h2>Articles et traductions<\/h2>\n<ul>\n<li><span>Felix Schubert et Philippe Cossalter, \u201cLa responsabilit\u00e9 du fait des lois inconstitutionnelles ou inconventionnelles : Allemagne,\u00a0<em>RFDA\u00a0<\/em>2019 n\u00b03 pp. 404-420.<\/span><\/li>\n<li><span>\u201cKonvergenzen und Divergenzen im europ\u00e4ischen Recht: Das Beispiel der Daseinsvorsorge auf lokaler Ebene\u201d\u00a0<em>in<\/em>\u00a0: Christian Scholz, H. Peter D\u00f6rrenb\u00e4cher, Anne Rennig (Hrsg.),\u00a0<em>Europa jenseits des Konvergenzparadigmas, Divergenz \u2013 Dynamik \u2013 Diskurs<\/em>. 1. Auflage 2019, ISBN print: 978-3-8487-4928-7, ISBN online: 978-3-8452-9141-3,\u00a0<\/span><a href=\"https:\/\/l.facebook.com\/l.php?u=https%3A%2F%2Fdoi.org%2F10.5771%2F9783845291413%3Ffbclid%3DIwAR1Xi5DAe8GglyPONMPfp2w6l6jn0spLljJml0BWnM_ATwgoGLV6TeEGSpg&amp;h=AT0qev0M3OtCdHHLKlGv5ORYhUt5_kWkfG48HTvuT12jqBvHa9HARqSg9C4h1Tn02mFCJuQfW_z_sE7h5hFqlX6lo0Cx5EFaQpkahFagtb7lYIy8NEgsL7nRwnOpwvKbzIQRss8hQkFfWdaRUsbgNTrQ2pVdHleG4g\" target=\"_blank\" data-ft=\"{&quot;tn&quot;:&quot;-U&quot;}\" rel=\"noopener nofollow\" data-lynx-mode=\"asynclazy\">https:\/\/doi.org\/10.5771\/9783845291413.\u00a0<\/a><span>Reihe: Denkart Europa | Mindset Europe, Bd. 29, pp. 73-86.<\/span><\/li>\n<li>Lyn Paula Ollinger et Philippe Cossalter, \u201cLa lutte contre le terrorisme et les droits fondamentaux en Allemagne\u201d,\u00a0<em>in<\/em><span>\u00a0<\/span>: Piana (Daniela) et Molini\u00e9 (Fran\u00e7ois),\u00a0<em>La lutte contre le terrorisme et les droits fondamentaux en droit compar\u00e9<\/em>, Paris, Soci\u00e9t\u00e9 de l\u00e9gislation compar\u00e9e (coll. \u201cDroit compar\u00e9 et europ\u00e9en\u201d vol. 30), 2018, pp. 89-112.<\/li>\n<li>\u201cLes mod\u00e8les de contractualisation\u201d,<span>\u00a0<\/span><em>RFDA<\/em><span>\u00a0<\/span>2018 n\u00b01, pp. 15-21.<\/li>\n<li>\u201cLa cour constitutionnelle allemande et les relations entre ordre juridique national et ordre juridique international\u201d,<span>\u00a0<\/span><em>RFDA<\/em><span>\u00a0<\/span>2017 n\u00b0 4, pp. 799 s; avec Audrey E. Schlegel, \u201cLa d\u00e9cision OMT de 2016 : une ouverture\u201d, pp. 811-817.<\/li>\n<li>\u201cL\u2019int\u00e9r\u00eat g\u00e9n\u00e9ral et les partenariats public-priv\u00e9 : de l\u2019avantage des rapports institutionnels sur le contrat\u201d,<span>\u00a0<\/span><em>in<\/em><span>\u00a0<\/span>: Guglielmi (Gilles J.) (dir.),<span>\u00a0<\/span><em>L\u2019int\u00e9r\u00eat g\u00e9n\u00e9ral dans les pays de<span>\u00a0<\/span><\/em>common law<em><span>\u00a0<\/span>et de droit \u00e9crit<\/em>, Editions Panth\u00e9on-Assas, 2017, pp. 135-151.<\/li>\n<li>avec Jan Henrik Klement, \u00ab\u00a0La place du droit international public dans l\u2019ordre juridique allemand\u00bb,<span>\u00a0<\/span><em>in<\/em><span>\u00a0<\/span>: Bonnet (Baptiste), (dir.),<span>\u00a0<\/span><em>Trait\u00e9 des rapports entre ordres juridiques<\/em>, LGDJ, novembre 2016.<\/li>\n<li>\u201cLa cauta affermazione della dignit\u00e0 della persona nel diritto pubblico francese\u201d, Rivista trimestrale du diritto pubblico, 2015 n. 4, pp. 1181-1303.<\/li>\n<li>\u201cChronique de droit administratif allemand\u201d, DA 2015 n\u00b0 10 pp. 20-25 avec Audrey Schlegel et Laura Jaillet.<\/li>\n<li>\u201cHighway to the danger zone : Das Scheitern des franz\u00f6sischen Staates am Beispiel seines Stra\u00dfenverkehrswesens\u201d, in : Heike (Jochum), Elicker (Michael), Lampert (Steffen), Bartone (Roberto), Freiheit, Gleichheit, Eigentum \u2013 \u00d6ffentliche Finanzen und Abgaben, Festschrift f\u00fcr Rudolf Wendt zum 70. Geburtstag, Dunker &amp; Humblot, Berlin 2015, pp. 1139-1163.<\/li>\n<li>\u201cIl fallimento dello Stato francese illustrato dalla sua politica dei trasporti su strada\u201d<span>\u00a0<\/span><em>in<\/em><span>\u00a0<\/span>: Mercato Concorrenza Regole 1\/2015, pp. 85-106, doi: 10.1434\/80362<\/li>\n<li>\u201cLes Grands arr\u00eats de la jurisprudence administrative\u201d\u00a0<em>in<\/em><span>\u00a0<\/span>: Caillosse (Jacques) et Renaudie (Olivier), Le Conseil d\u2019Etat et l\u2019Universit\u00e9, Paris, Dalloz, 2015, pp. 163-177.<\/li>\n<li>\u201cLa faillite de l\u2019Etat fran\u00e7ais illustr\u00e9e par ses transports routiers\u201d, Revue g\u00e9n\u00e9rale du droit<span>\u00a0<\/span><i>on line<\/i>, 2015, num\u00e9ro 18996 (<a href=\"http:\/\/www.revuegeneraledudroit.eu\/?p=18996\" target=\"_blank\" rel=\"noopener\">www.revuegeneraledudroit.eu\/?p=18996<\/a>)<\/li>\n<li>\u201cUne courte histoire des \u00e9changes entre les doctrines juridiques fran\u00e7aise et allemande\u201d,\u00a0<em>in<\/em><span>\u00a0<\/span>:\u00a050 Jahre Elys\u00e9e- Vetrag (1963-2013)\/ Les 50 ans du trait\u00e9 de l\u2019Elys\u00e9e (1963-2013) Traditionen, Herausforderungen, Perspektiven\/ Traditions, d\u00e9fis , perspectives, Jahrbuch des Frankreichzentrums der Universit\u00e4t des Saarlandes Band 13 2013.<\/li>\n<li>\u00ab La dignit\u00e9 humaine en droit public fran\u00e7ais : l\u2019ultime recours \u00bb, Intervention \u00e0 la 7\u00e8me conf\u00e9rence-d\u00e9bat du Centre de droit public compar\u00e9, Universit\u00e9 Panth\u00e9on-Assas Paris II, 30 octobre 2014 \u2018 : Revue g\u00e9n\u00e9rale du droit<span>\u00a0<\/span><i>on line<\/i>, 2014, num\u00e9ro 18309 (www.revuegeneraledudroit.eu\/?p=18309).<\/li>\n<li>\u201c20 ans de contentieux administratif des contrats publics\u201d in : Floril\u00e8ges du droit public, M\u00e9langes en l\u2019honneur de Jean-Pierre Boivin, Paris, La m\u00e9moire du droit, 2012, 231-258<\/li>\n<li>Voce \u201cDroit compar\u00e9s\u201d in : Initiation au droit, Mathieu Touzeil-Divina (dir.), Paris, LGDJ, 2011.<\/li>\n<li>\u00ab La soci\u00e9t\u00e9 publique locale : un outil r\u00e9pandu en Europe \u00bb,\u00a0<em>Revue du droit public<\/em>, 2011 n\u00b0\u00a03, pp.\u00a0757 s.<\/li>\n<li>\u201cL\u2019intervention du secteur priv\u00e9 dans les activit\u00e9s de s\u00e9curit\u00e9 publique: \u00e0 la recherche d\u2019une limite\u201d, in\u00a0<em>La s\u00e9curit\u00e9 int\u00e9rieure en Europe : entre protection des citoyens et fr\u00e9n\u00e9sie s\u00e9curitaire ?<\/em>, PULIM 2010.<\/li>\n<li>\u00ab La renaissance de la concession de travaux : un contrat ni souhait\u00e9, ni souhaitable \u00bb, AJDA 19 octobre 2009. Commentaire sous l\u2019ordonnance n\u00b0\u00a02009-864 du 15 juillet 2009\u00a0<em>relative aux contrats de concession de travaux publics<\/em>.<\/li>\n<li>\u00a0\u00ab Les EPIC face au droit de la concurrence \u00bb,\u00a0<em>JCP\u00a0<\/em>Administrations et Collectivit\u00e9s territoriales, 14 Septembre 2009, n\u00b0 38.<\/li>\n<li><em>Ma\u00eetrise d\u2019ouvrage et ma\u00eetrise d\u2019oeuvre<\/em>, fascicule 652, Jurisclasseur administratif, 25 novembre 2008.<\/li>\n<li>\u00ab\u00a0L\u2019alin\u00e9a 9\u00a0\u00bb, Intervention dans le cadre du colloque du 1er juin, \u00ab\u00a0Le pr\u00e9ambule de la Constitution de 1946\u00a0\u00bb, \u00e9cole doctorale Georges Vedel, 1er juin 2007, \u00c9ditions Panth\u00e9on-Assas, 2008, pp. 171-195.<\/li>\n<li>Participation \u00e0 l\u2019\u00e9laboration du rapport\u00a0<em>Mieux acheter pour un meilleur service public<\/em>\u00a0\u2013\u00a0<em>Des march\u00e9s publics complexes aux partenariats public-priv\u00e9<\/em>, Secr\u00e9tariat d\u2019Etat charg\u00e9 de la prospective, de l\u2019\u00e9valuation des politiques publiques et du d\u00e9veloppement de l\u2019\u00e9conomie num\u00e9rique, Mai 2008. T\u00e9l\u00e9chargez le rapport\u00a0<a href=\"http:\/\/www.cossalter.net\/cossalter\/docs\/RapportPPPjuin2008.pdf\" target=\"_blank\" rel=\"noopener\">au format PDF<\/a>\u00a0(2,5 Mo).<\/li>\n<li>\u201cLa r\u00e9cup\u00e9ration des aides d\u2019Etat\u201d, avec S\u00e9bastien Ferrari,\u00a0<em>Actualit\u00e9 des contrats et de la commande publique,\u00a0<\/em>2008.<\/li>\n<li>Traduction (de l\u2019italien) de : NAPOLITANO (Giorgio), \u00ab\u00a0La trag\u00e9die des communs\u00a0\u00bb,\u00a0<em>Droit administratif<\/em>, 2007 n\u00b0\u00a01.<\/li>\n<li>\u201cL\u2019esperienza francese\u201d\u00a0<em>in<\/em><em>:\u00a0<\/em>Luigi Fiorentino et Bernardo Giorgio Mattarella (dir.),\u00a0<em>L\u2019esternalizzazione delle gestioni amministrative nelle pubbliche amministrazioni<\/em>, Maggioli, 2007.<\/li>\n<li>\u201cLes concessions \u00e0 dur\u00e9e endog\u00e8ne\u201d,\u00a0<em>Droit administratif<\/em>, mai 2006.<\/li>\n<li>\u00ab Les prestations internes \u00e0 l\u2019administration \u00e0 l\u2019\u00e9preuve du droit communautaire des march\u00e9s publics \u00bb, Concurrences, 2006 n\u00b0 3, pp. 61-72. Acheter sur le site\u00a0<a href=\"http:\/\/www.concurrences.com\/article_revue_web.php3?id_article=1554\" target=\"_blank\" rel=\"noopener\">Concurrences.com<\/a><\/li>\n<li>Contribution \u00e0 IGD-Dexia,\u00a0<em>Partenariats public-priv\u00e9 : Mode d\u2019emploi juridique et approche \u00e9conomique<\/em>, La Documentation fran\u00e7aise, 2006.<\/li>\n<li><em>\u00ab A\u00a0Private Finance Initiative\u00a0\u00bb<\/em>\u00a0(Traduction de \u00ab\u00a0Introduction \u00e0 la Private Finance Initiative\u00a0\u00bb)\u00a0<em>Revista de Dereito publico da economia<\/em>\u00a0(RDPE) (Br\u00e9sil), n\u00b0 6, avril-juin 2004, pp. 127-180.\u00a0<em>Reprint in\u00a0<\/em>:\u00a0<em>Revista de Tribunais<\/em>, n\u00b0\u00a0sp\u00e9cial \u00ab\u00a0<em>Parcerias Publico Privado<\/em>\u00a0\u00bb,\u00a0Sa\u00f5 Paulo (Br\u00e9sil), novembre 2005.<\/li>\n<li>Co-auteur du classeur\u00a0<em>Formulaires et pi\u00e8ces contractuelles des march\u00e9s publics<\/em>, Paris, Weka, 2001-2004.<\/li>\n<li>\u00ab La nouvelle commission consultative des services publics locaux : d\u00e9buts de mise en oeuvre \u00bb, Bulletin des contrats et march\u00e9s publics, n\u00b0 22, juillet 2003.<\/li>\n<li>\u00ab Les r\u00e9formes de la commande publique : simple transposition des pratiques internationales ? \u00bb, Le Pont \u2013 Ponts et Chauss\u00e9es Magazine, novembre 2003.<\/li>\n<li>\u00ab La nouvelle commission consultative des services publics locaux \u00bb, L\u00e9gilocal, n\u00b0 5 juin 2002, p 10.<\/li>\n<li>Les contrats de travaux dans l\u2019Union europ\u00e9enne \u2013 D\u00e9veloppements r\u00e9cents, Paris, Le Moniteur, 6 d\u00e9cembre 2002, Cahier d\u00e9tach\u00e9 n\u00b0 2.<\/li>\n<li>\u00ab\u00a0SEM et mise en concurrence\u00a0: perspectives compar\u00e9es\u00a0\u00bb,\u00a0<em>RFDA<\/em>\u00a02002, n\u00b0\u00a05, pp.\u00a0938-951.<\/li>\n<li>\u00ab Nature des services d\u00e9l\u00e9gables : l\u2019exemple du domaine et des formes d\u2019intervention de la commune dans les services fun\u00e9raires \u00bb, Bulletin des contrats et march\u00e9s publics, n\u00b0 14, p. 6.<\/li>\n<li>\u00ab Mort et vie du METP \u00bb, avec Arnaud Claud\u00e9-Mougel, Bulletin des contrats et march\u00e9s publics, n\u00b0 12, p. 6.<\/li>\n<li>\u00ab La gestion de l\u2019eau dans l\u2019Union europ\u00e9enne \u00bb, in : actes de la Table ronde sur \u00ab Public-Private Partnership in Water Management \u00bb, conf\u00e9rence mondiale sur l\u2019eau douce, Bonn, 5 d\u00e9cembre 2001, Paris, La Gazette des communes, (Coll. \u00ab \u00c9tudes et documents \u00bb), Cahier n\u00b0 2, 29 juillet 2001, pp. 242-246.<\/li>\n<li>\u00ab\u00a0Introduction \u00e0 la Private Finance Initiative\u00a0\u00bb,\u00a0<em>in<\/em>\u00a0: Philippe Cossalter et Bertrand du Marais,\u00a0<em>La Private Finance Initiative<\/em>, Institut de la gestion d\u00e9l\u00e9gu\u00e9e, 2001, pp. 11-74, pr\u00e9face Marceau Long.<\/li>\n<\/ul>\n<div><\/div>\n<div>\n<div>\n<h3><span>Notes\u00a0<\/span><\/h3>\n<ul>\n<li>\u201cMoyens pouvant \u00eatre invoqu\u00e9s par le candidat \u00e9vinc\u00e9 : le cas de l\u2019erreur comme vice du consentement\u201d, note sous CE, 9 novembre 2018, n\u00b0 420654 et 420663, rec.; Lexbase hebdo \u00e9dition publique n\u00b0 524, 29 novembre 2018.<\/li>\n<li>\u201cLe Conseil d\u2019Etat pr\u00e9cise les modalit\u00e9s du recours \u00e0 l\u2019allotissement sous l\u2019empire de l\u2019ordonnance \u201cmarch\u00e9s publics\u201d, note sous CE, 28 mars 2018, n\u00b0 417428 et n\u00b0 417439, rec. ; Lexbase hebdo \u00e9dition publique n\u00b0506, 14 juin 2018.<\/li>\n<li>Note sous CE, 21 mars 2011, n\u00b0 304806, Commune de B\u00e9ziers,\u00a0<em>Revue juridique de l\u2019\u00e9conomie publique<\/em>\u00a0n\u00b0 690, Octobre 2011, comm. 44<\/li>\n<li>\u00ab La nature et l\u2019opposabilit\u00e9 du r\u00e8glement du service public \u00bb, note sous Cass. 1\u00e8re civ., 11 d\u00e9cembre 2001, Cinq toits et moi, Bulletin des contrats et march\u00e9s publics n\u00b0 17.<\/li>\n<li>Note sous CE 16 juillet 2007,\u00a0<em>Soci\u00e9t\u00e9 Tropic Travaux Signalisation, DA\u00a0<\/em>2007 n\u00b0\u00a010.<\/li>\n<\/ul>\n<h4>Notes \u00e0 la Revue g\u00e9n\u00e9rale du droit<\/h4>\n<h4><\/h4>\n<h4>Posts notables \u00e0 la Revue g\u00e9n\u00e9rale du droit<\/h4>\n<ul>\n<li>08\/04\/2013\u00a0\u00ab\u00a0Les habits neufs de l\u2019Empereur ou la th\u00e9orie virtuelle de la domanialit\u00e9 publique\u00a0\u00bb, CE, SSR., 8 avril 2013, Association ATLALR, requ\u00eate num\u00e9ro 363738, publi\u00e9 au recueil (<a href=\"http:\/\/www.revuegeneraledudroit.eu\/?p=7252\" target=\"_blank\" rel=\"noopener\">www.revuegeneraledudroit.eu\/?p=7252<\/a>)<\/li>\n<li>18\/01\/2013 \u00ab\u00a0Gratuit\u00e9 dans les mus\u00e9es : le principe d\u2019\u00e9galit\u00e9 appliqu\u00e9 aux personnes en situation irr\u00e9guli\u00e8re\u00a0\u00bb, CE, Section, 18 janvier 2013, SOS Racisme, requ\u00eate num\u00e9ro 328230 (<a href=\"http:\/\/www.revuegeneraledudroit.eu\/?p=4684\" target=\"_blank\" rel=\"noopener\">www.revuegeneraledudroit.eu\/?p=4684<\/a>)<\/li>\n<\/ul>\n<h4><\/h4>\n<h4>2017<\/h4>\n<ul>\n<li>27\/04\/2017 : \u00ab Avant-propos, La coop\u00e9ration transfrontali\u00e8re en Grande R\u00e9gion \u00bb\u00b4 : Revue g\u00e9n\u00e9rale du droit<span>\u00a0<\/span><em>on line<\/em>, 2017, num\u00e9ro 27349 (<a href=\"http:\/\/www.revuegeneraledudroit.eu\/?p=27349\" target=\"_blank\" rel=\"noopener\">www.revuegeneraledudroit.eu\/?p=27349<\/a>)<\/li>\n<\/ul>\n<h4>2016<\/h4>\n<ul>\n<li>01\/11\/2016 : \u00ab Pour rester un symbole chr\u00e9tien, la cr\u00e8che de la nativit\u00e9 doit \u00eatre exclue de l\u2019espace public \u00bb\u00b4 : Revue g\u00e9n\u00e9rale du droit<span>\u00a0<\/span><em>on line<\/em>, 2016, num\u00e9ro 23432 (<a href=\"http:\/\/www.revuegeneraledudroit.eu\/?p=23432\" target=\"_blank\" rel=\"noopener\">www.revuegeneraledudroit.eu\/?p=23432<\/a>)<\/li>\n<li>05\/09\/2016: \u00ab The French burkini case: \u201cUncover this breast that I cannot not behold\u201d \u00bb, Comment on CE, ORD., 26 ao\u00fbt 2016, Ligue des droits de l\u2019homme contre Villeneuve-Loubet (arr\u00eat\u00e9 anti-burkini), requ\u00eate num\u00e9ro 402742` : Revue g\u00e9n\u00e9rale du droit<span>\u00a0<\/span><em>on line<\/em>, 2016, num\u00e9ro 24322 (<a href=\"http:\/\/www.revuegeneraledudroit.eu\/?p=24322\" target=\"_blank\" rel=\"noopener\">www.revuegeneraledudroit.eu\/?p=24322<\/a>)<\/li>\n<li>28\/08\/2016 : \u00ab Montrez ce sein que je ne saurais ne pas voir : Tartuffe et le Burkini \u00bb, Commentaire sous CE, ORD., 26 ao\u00fbt 2016, Ligue des droits de l\u2019homme contre Villeneuve-Loubet (arr\u00eat\u00e9 anti-burkini), requ\u00eate num\u00e9ro 402742` : Revue g\u00e9n\u00e9rale du droit<span>\u00a0<\/span><em>on line<\/em>, 2016, num\u00e9ro 24250 (<a href=\"http:\/\/www.revuegeneraledudroit.eu\/?p=24250\" target=\"_blank\" rel=\"noopener\">www.revuegeneraledudroit.eu\/?p=24250<\/a>)<\/li>\n<li>15\/07\/2016 : \u00abLe recours contre les actes administratifs individuels est enferm\u00e9 dans un d\u00e9lai raisonnable d\u2019un an : la s\u00e9curit\u00e9 juridique de l\u2019acte administratif au prix de la s\u00e9curit\u00e9 juridique de l\u2019administr\u00e9 \u00bb, Note flash sous CE Ass. M. A. c\/ Ministre de l\u2019\u00e9conomie et des finances, num\u00e9ro 387763\u00b4 : Revue g\u00e9n\u00e9rale du droit<span>\u00a0<\/span><em>on line<\/em>, 2016, num\u00e9ro 24040 (<a href=\"http:\/\/www.revuegeneraledudroit.eu\/?p=24040\" target=\"_blank\" rel=\"noopener\">www.revuegeneraledudroit.eu\/?p=24040<\/a>)<\/li>\n<li>21\/06\/2016 : \u00ab Le h\u00e9ros ne meurt jamais : sur la renaissance de la domanialit\u00e9 publique virtuelle \u00bb, Note sous CE SSR., 13 avril 2016, Commune de Baillargues, num\u00e9ro 391431, publi\u00e9 au recueil\u00b4 : Revue g\u00e9n\u00e9rale du droit<span>\u00a0<\/span><em>on line<\/em>, 2016, num\u00e9ro 23961 (<a href=\"http:\/\/www.revuegeneraledudroit.eu\/?p=23961\" target=\"_blank\" rel=\"noopener\">www.revuegeneraledudroit.eu\/?p=23961<\/a>)<\/li>\n<li>12\/06\/2016 : \u00ab Le droit d\u2019acc\u00e8s aux donn\u00e9es personnelles s\u2019\u00e9teint avec le d\u00e9funt \u00bb, Note flash sous CE, CHR., 8 juin 2016, Mme et MM. D\u2026, num\u00e9ro 386525, publi\u00e9 au recueil\u00b4: Revue g\u00e9n\u00e9rale du droit<span>\u00a0<\/span><em>on line<\/em>, 2016, num\u00e9ro 23948 (<a href=\"http:\/\/www.revuegeneraledudroit.eu\/?p=23948\" target=\"_blank\" rel=\"noopener\">www.revuegeneraledudroit.eu\/?p=23948<\/a>)<\/li>\n<li>12\/04\/2016 : \u00ab La RGD partenaire de la Biblioth\u00e8que num\u00e9rique de droit public des affaires \u00bb` : Revue g\u00e9n\u00e9rale du droit<span>\u00a0<\/span><em>on line<\/em>, 2016, num\u00e9ro 23838 (<a href=\"http:\/\/www.revuegeneraledudroit.eu\/?p=23838\" target=\"_blank\" rel=\"noopener\">www.revuegeneraledudroit.eu\/?p=23838<\/a>)<\/li>\n<li>09\/04\/2016 : \u00ab Le juge administratif peut contr\u00f4ler la conventionnalit\u00e9 d\u2019une loi organique \u00bb, Note flash sous CE 6 avril 2016, M.A. c. CSM num\u00e9ro 380570 : Revue g\u00e9n\u00e9rale du droit<span>\u00a0<\/span><em>on line<\/em>, 2016, num\u00e9ro 23792 (<a href=\"http:\/\/www.revuegeneraledudroit.eu\/?p=23792\" target=\"_blank\" rel=\"noopener\">www.revuegeneraledudroit.eu\/?p=23792<\/a>)<\/li>\n<\/ul>\n<h4>2015<\/h4>\n<ul>\n<li>14\/12\/2015 : \u00ab Le contr\u00f4le par le juge des r\u00e9f\u00e9r\u00e9s de la l\u00e9galit\u00e9 des assignations \u00e0 r\u00e9sidence dans le cadre de l\u2019\u00e9tat d\u2019urgence \u00bb, Note sous CE, Sect. 11 d\u00e9cembre 2015, num\u00e9ro 394989, 394990, 394991, 394992, 394993, 395002, 395009\u00b4 : Revue g\u00e9n\u00e9rale du droit<span>\u00a0<\/span><em>on line<\/em>, 2015, num\u00e9ro 23098 (<a href=\"http:\/\/www.revuegeneraledudroit.eu\/?p=23098\" target=\"_blank\" rel=\"noopener\">www.revuegeneraledudroit.eu\/?p=23098<\/a>)<\/li>\n<li>15\/11\/2015 : \u00ab L\u00e9galit\u00e9 de crise et \u00e9tat d\u2019urgence \u00bb : Revue g\u00e9n\u00e9rale du droit<span>\u00a0<\/span><em>on line<\/em>, 2015, num\u00e9ro 22919 (<a href=\"http:\/\/www.revuegeneraledudroit.eu\/?p=22919\" target=\"_blank\" rel=\"noopener\">www.revuegeneraledudroit.eu\/?p=22919<\/a>)<\/li>\n<li>14\/11\/2015 : \u00ab Int\u00e9r\u00eat et qualit\u00e9 pour agir des associations nationales et d\u00e9cisions administratives locales \u00bb, Note flash sous CE, SSR., 4 novembre 2015, Ligue fran\u00e7aise pour la d\u00e9fense des droits de l\u2019homme et du citoyen, num\u00e9ro 375178, publi\u00e9 au recueil\u00b4 : Revue g\u00e9n\u00e9rale du droit<span>\u00a0<\/span><em>on line<\/em>, 2015, num\u00e9ro 22906 (<a href=\"http:\/\/www.revuegeneraledudroit.eu\/?p=22906\" target=\"_blank\" rel=\"noopener\">www.revuegeneraledudroit.eu\/?p=22906<\/a>)<\/li>\n<li>02\/10\/2015 : \u00ab Des mesures d\u2019ordre int\u00e9rieur prises \u00e0 l\u2019\u00e9gard d\u2019agents publics \u00bb, Note flash sous CE Section, 25 septembre 2015, Mme B. c\/ DIRECCTE de Paris, num\u00e9ro 372624, publi\u00e9 au recueil` : Revue g\u00e9n\u00e9rale du droit<span>\u00a0<\/span><em>on line<\/em>, 2015, num\u00e9ro 22696 (<a href=\"http:\/\/www.revuegeneraledudroit.eu\/?p=22696\" target=\"_blank\" rel=\"noopener\">www.revuegeneraledudroit.eu\/?p=22696<\/a>)<\/li>\n<li>27\/09\/2015 : \u00ab Le transfert d\u2019une convention d\u2019occupation du domaine public n\u00e9cessite l\u2019accord \u00e9crit de son gestionnaire \u00bb, Note flash sous CE SSR.,18 septembre 2015, Soci\u00e9t\u00e9 Prest\u2019air, num\u00e9ro 387315, T.` : Revue g\u00e9n\u00e9rale du droit<span>\u00a0<\/span><em>on line<\/em>, 2015, num\u00e9ro 22664 (<a href=\"http:\/\/www.revuegeneraledudroit.eu\/?p=22664\" target=\"_blank\" rel=\"noopener\">www.revuegeneraledudroit.eu\/?p=22664<\/a>)<\/li>\n<li>16\/09\/2015 : \u00ab QPC : sur le non-renvoi des lois assurant la transposition inconditionnelle d\u2019une directive \u00bb, Note flash sous CE SSR., 8 juillet 2015, M. B c. Ministre de l\u2019\u00e9cologie, requ\u00eate num\u00e9ro 390154, T. et CE, SSR., 14 septembre 2015, Soci\u00e9t\u00e9 NotreFamille.com, requ\u00eate num\u00e9ro 389806, T.` : Revue g\u00e9n\u00e9rale du droit<span>\u00a0<\/span><em>on line<\/em>, 2015, num\u00e9ro 22620 (<a href=\"http:\/\/www.revuegeneraledudroit.eu\/?p=22620\" target=\"_blank\" rel=\"noopener\">www.revuegeneraledudroit.eu\/?p=22620<\/a>)<\/li>\n<li>08\/09\/2015 : \u00ab Comment calculer le r\u00e9sultat d\u2019une \u00e9lection au scrutin proportionnel \u00e0 la plus forte moyenne (avec prime majoritaire) \u00bb, Note sous CE SSR., 30 janvier 2015, Elections municipales de Hautefort, num\u00e9ro 382627, publi\u00e9 au recueil` : Revue g\u00e9n\u00e9rale du droit<span>\u00a0<\/span><em>on line<\/em>, 2015, num\u00e9ro 19621 (<a href=\"http:\/\/www.revuegeneraledudroit.eu\/?p=19621\" target=\"_blank\" rel=\"noopener\">www.revuegeneraledudroit.eu\/?p=19621<\/a>)<\/li>\n<li>07\/09\/2015 : \u00ab Le maire cumule ses pouvoirs de police g\u00e9n\u00e9rale et de police sp\u00e9ciale en mati\u00e8re de contr\u00f4le des installations d\u2019assainissement non collectif \u00bb, Note flash sous CE, SSR., 27 juillet 2015, Commune d\u2019H\u00e9buterne, n\u00b0 367484, publi\u00e9 au recueil` : Revue g\u00e9n\u00e9rale du droit<span>\u00a0<\/span><em>on line,<\/em><span>\u00a0<\/span>2015, num\u00e9ro 22581 (<a href=\"http:\/\/www.revuegeneraledudroit.eu\/?p=22581\" target=\"_blank\" rel=\"noopener\">www.revuegeneraledudroit.eu\/?p=22581<\/a>)<\/li>\n<li>17\/05\/2015 : \u00ab T\u00e9l\u00e9recours, \u00e7a facilite la vie, sauf quand \u00e7a la complique : de l\u2019attention \u00e0 apporter au relev\u00e9 quotidien des messages \u00bb, Note sous CE SSR., 11 mai 2015, Commune de Damouzy, num\u00e9ro 379356, publi\u00e9 au recueil\u00b4 : Revue g\u00e9n\u00e9rale du droit<span>\u00a0<\/span><em>on line<\/em>, 2015, num\u00e9ro 22046 (<a href=\"http:\/\/www.revuegeneraledudroit.eu\/?p=22046\" target=\"_blank\" rel=\"noopener\">www.revuegeneraledudroit.eu\/?p=22046<\/a>)<\/li>\n<li>28\/03\/2015: \u00ab Dignit\u00e9, police et injonction : la recette indigeste du TA de Nice \u00bb, Note sous TA Nice, 26 mars 2015, Conseil repr\u00e9sentatif des associations noires (CRAN), num\u00e9ro 1501179` : Revue g\u00e9n\u00e9rale du droit<span>\u00a0<\/span><em>on line<\/em>, 2015, num\u00e9ro 20451 (<a href=\"http:\/\/www.revuegeneraledudroit.eu\/?p=20451\" target=\"_blank\" rel=\"noopener\">www.revuegeneraledudroit.eu\/?p=20451<\/a>)<\/li>\n<li>04\/03\/2015 : \u00ab B\u00e9ziers III : sur la r\u00e9siliation des conventions pass\u00e9es entre personnes publiques\u00bb, Note sous CE, 27 f\u00e9vrier 2015, Commune de B\u00e9ziers (B\u00e9ziers III), n\u00b0 357028, rec. \u2018 : Revue g\u00e9n\u00e9rale du droit<span>\u00a0<\/span><i>on line<\/i>, 2015, num\u00e9ro 19908 (<a href=\"http:\/\/www.revuegeneraledudroit.eu\/?p=19908\" target=\"_blank\" rel=\"noopener\">www.revuegeneraledudroit.eu\/?p=19908<\/a>)<\/li>\n<li>25\/02\/2015 : \u00ab Comp\u00e9tence administrative pour conna\u00eetre des appels en garantie des participants \u00e0 un march\u00e9 de travaux\u00bb, Note flash sous TC, 9 f\u00e9vrier 2015, Soci\u00e9t\u00e9 ACE European Group Limited, num\u00e9ro C3983, publi\u00e9 au recueil \u2018 : Revue g\u00e9n\u00e9rale du droit<span>\u00a0<\/span><i>on line<\/i>, 2015, num\u00e9ro 19781 (<a href=\"http:\/\/www.revuegeneraledudroit.eu\/?p=19781\" target=\"_blank\" rel=\"noopener\">www.revuegeneraledudroit.eu\/?p=19781<\/a>)<\/li>\n<li>08\/02\/2015 : \u00ab D\u00e9partement du Tarn-et-Garonne n\u2019a pas abandonn\u00e9 Ville de Lisieux\u00bb, Note flash sous CE, SSR., 2 f\u00e9vrier 2015, Castronovo c. Commune d\u2019Aix-en-Provence, n\u00b0 373520, publi\u00e9 au recueil \u2018 : Revue g\u00e9n\u00e9rale du droit<span>\u00a0<\/span><i>on line<\/i>, 2015, num\u00e9ro 19534 (<a href=\"http:\/\/www.revuegeneraledudroit.eu\/?p=19534\" target=\"_blank\" rel=\"noopener\">www.revuegeneraledudroit.eu\/?p=19534<\/a>)<\/li>\n<li>25\/01\/2015 : \u00ab Interpr\u00e9tation neutralisante et non-renvoi d\u2019une QPC par le Conseil d\u2019Etat\u00bb, Note flash sous Conseil d\u2019Etat, SSR., 21 janvier 2015, EURL 2B c. Commune d\u2019Aigremont, requ\u00eate num\u00e9ro 382902, publi\u00e9 au recueil \u2018 : Revue g\u00e9n\u00e9rale du droit<span>\u00a0<\/span><i>on line<\/i>, 2015, num\u00e9ro 19213 (<a href=\"http:\/\/www.revuegeneraledudroit.eu\/?p=19213\" target=\"_blank\" rel=\"noopener\">www.revuegeneraledudroit.eu\/?p=19213<\/a>)<\/li>\n<\/ul>\n<h4>2014<\/h4>\n<ul>\n<li>21\/11\/2014 \u00ab Pas une r\u00e9volution, une \u00e9volution : le Conseil d\u2019Etat peut ne pas se prononcer sur la recevabilit\u00e9 d\u2019une requ\u00eate \u00e0 l\u2019occasion de laquelle est soulev\u00e9e une question prioritaire de constitutionnalit\u00e9 (QPC)\u00bb, note flash sous CE, SSR., 21 novembre 2014, Soci\u00e9t\u00e9 Mutuelle des Transports Assurances, requ\u00eate num\u00e9ro 384353 (<a href=\"http:\/\/www.revuegeneraledudroit.eu\/?p=18498\" target=\"_blank\" rel=\"noopener\">www.revuegeneraledudroit.eu\/?p=18498<\/a>)<\/li>\n<li>12\/11\/2014 \u00ab Une circulaire est caduque lorsque les dispositions qu\u2019elle interp\u00e8te disparaissent\u00bb note sous CE, SSR., 12 novembre 2014, F\u00e9d\u00e9ration de l\u2019hospitalisation priv\u00e9e, requ\u00eate num\u00e9ro 360264, publi\u00e9 au recueil<\/li>\n<li>03\/11\/2014 \u00ab Le crit\u00e8re prix et les math\u00e9matiques \u00e9l\u00e9mentaires\u00bb, note flash sous CE, SSR., 3 novembre 2014, Commune de Belleville-sur-Loire, requ\u00eate num\u00e9ro 373362<\/li>\n<li>21\/05\/2014 \u00ab Toutes les sanctions disciplinaires inflig\u00e9es aux d\u00e9tenus sont susceptibles d\u2019\u00eatre d\u00e9f\u00e9r\u00e9es au juge de l\u2019exc\u00e8s de pouvoir\u00bb, note flash sous CE, SSR., 21 mai 2014, Garde des Sceaux, requ\u00eate num\u00e9ro 359672, publi\u00e9 au recueil<\/li>\n<li>19\/05\/2014 \u00ab Sur la faute personnelle non d\u00e9pourvue de tout lien avec le service : un rappel ne fait jamais de mal\u00bb, note flash sous TC, 19 mai 2014, Mme E\u2026B\u2026c. Maire de Ventabren, requ\u00eate num\u00e9ro C3939, publi\u00e9 au recueil<\/li>\n<li>\u00ab Dommages de travaux publics et causes exon\u00e9ratoires de responsabilit\u00e9 : \u00eatre pauvre n\u2019est pas une faute\u00bb, note flash sous CE, SSR., 10 f\u00e9vrier 2014, Mme B\u2026A\u2026 c. Communaut\u00e9 urbaine Marseille Provence M\u00e9tropole, requ\u00eate num\u00e9ro 361280<\/li>\n<\/ul>\n<h4>2013<\/h4>\n<ul>\n<li>11\/12\/2013 \u00ab\u00a0Quand le recours juridictionnel d\u00e9clenche le d\u00e9lai de recours (baroud d\u2019honneur pour la contribution pour l\u2019aide juridique)\u00a0\u00bb, Note flash sous CE, SSR, 11 d\u00e9cembre 2013, Mme B\u2026A\u2026\u2019C\u2026, requ\u00eate num\u00e9ro 365361<\/li>\n<li>13\/11\/2013 \u00ab\u00a0Sur l\u2019intensit\u00e9 du contr\u00f4le des sanctions disciplinaires \u00e0 l\u2019encontre des agents publics\u00a0\u00bb, Note flash sous CE, Assembl\u00e9e, 13 novembre 2013, M. A\u2026B\u2026, requ\u00eate num\u00e9ro 347704<\/li>\n<li>07\/11\/2013 \u00ab\u00a0Sur l\u2019obligation de proposer des repas halal en prison\u00a0\u00bb, Note flash sous TA Grenoble, 7 novembre 2013, M. AB c. Directeur du centre p\u00e9nitentiaire de Saint-Quentin-Fallavier, requ\u00eate num\u00e9ro 1302502<\/li>\n<li>06\/11\/2013\u00a0\u00ab\u00a0Spl et exception in-house : le Conseil d\u2019Etat applique la jurisprudence communautaire\u00a0\u00bb, Note sous CE, SSR., 6 novembre 2013, Commune de Marsannay-la-C\u00f4te, requ\u00eate num\u00e9ro 365079, publi\u00e9 au recueil<\/li>\n<li>06\/11\/2013\u00a0\u00ab\u00a0D\u00e9molition d\u2019immeubles mena\u00e7ant ruine et pouvoirs de police du maire\u00a0\u00bb, Note flash sous CE, SSR., 6 novembre 2013, Commune de Cayenne, requ\u00eate num\u00e9ro 349245, publi\u00e9 au recueil<\/li>\n<li>06\/11\/2013 \u00ab\u00a0Prescription quadriennale et dommages \u00e9volutifs de travaux publics\u00a0\u00bb, Note sous CE, SSR., 6 novembre 2013, Mme C\u2026B\u2026c. commune de Mauguio, requ\u00eate num\u00e9ro 354931, publi\u00e9 au recueil<\/li>\n<li>29\/10\/2013\u00a0\u00ab\u00a0Les avis \u201cnon conformes\u201d du CSM sont des actes administratifs faisant grief\u00a0\u00bb, Note sous CE, SSR., 29 octobre 2013, requ\u00eate num\u00e9ro 346569, publi\u00e9 au recueil<\/li>\n<li>21\/10\/2013\u00a0\u00ab\u00a0Les cons\u00e9quences de l\u2019allongement du d\u00e9lai de retrait des actes administratifs\u00a0\u00bb, Note flash sous CE, SSR., 21 octobre 2013, M.B.A., requ\u00eate num\u00e9ro 361173, publi\u00e9 au recueil<\/li>\n<li>14\/10\/2013 \u00ab\u00a0Le prisonnier, l\u2019entrepreneur et le gardien\u00a0\u00bb, Note sous TC, 14 octobre 2013, M. Olivier V., requ\u00eate num\u00e9ro C3918, publi\u00e9 au recueil<\/li>\n<li>10\/10\/2013\u00a0\u00ab\u00a0Egalit\u00e9 des sexes, in\u00e9galit\u00e9 des textes\u00a0\u00bb, Note sous CE, SSR, 10 octobre 2013, F\u00e9d\u00e9ration fran\u00e7aise de Gymnastique, requ\u00eate num\u00e9ro 359219<\/li>\n<li>02\/10\/2013\u00a0\u00ab\u00a0Obligation d\u2019abrogation et articulation entre les comp\u00e9tences du maire et du conseil municipal\u00a0\u00bb, Note flash sous CE, SSR., 2 octobre 2013, Mme A\u2026B\u2026, requ\u00eate num\u00e9ro 367023, publi\u00e9 aux tables<\/li>\n<li>01\/10\/2013 \u00ab\u00a0O\u00f9 le spectre du domaine public par anticipation frappe encore\u00a0\u00bb, Note sous CE, SSR., 1 octobre 2013, Soci\u00e9t\u00e9 Espace Habitat Construction, requ\u00eate num\u00e9ro 349099, mentionn\u00e9 aux tables<\/li>\n<li>01\/10\/2013\u00a0\u00ab\u00a0La police sp\u00e9ciale en mati\u00e8re d\u2019aires d\u2019accueil des gens du voyage\u00a0\u00bb, Note flash sous CAA Douai, 1 octobre 2013, Commune d\u2019Amiens, requ\u00eate num\u00e9ro 12DA01228, publi\u00e9 au recueil<\/li>\n<li>19\/04\/2013 \u00ab\u00a0Revirements de jurisprudence et principe du contradictoire\u00a0\u00bb, CE, Section, 19 avril 2013, Chambre de commerce et d\u2019industrie d\u2019Angoul\u00eame, requ\u00eate num\u00e9ro 340093, publi\u00e9 au recueil<\/li>\n<li>08\/04\/2013\u00a0\u00ab\u00a0Les habits neufs de l\u2019Empereur ou la th\u00e9orie virtuelle de la domanialit\u00e9 publique\u00a0\u00bb, CE, SSR., 8 avril 2013, Association ATLALR, requ\u00eate num\u00e9ro 363738, publi\u00e9 au recueil<\/li>\n<li>08\/03\/2013\u00a0\u00ab\u00a0Article L. 80 A LPF et opposabilit\u00e9 de la doctrine administrative : c\u2019est clair\u2026 quoique.\u00a0\u00bb, CE, Section, 8 mars 2013, Mme B\u2026 A\u2026, requ\u00eate num\u00e9ro 353782, publi\u00e9 au recueil<\/li>\n<li>30\/01\/2013 \u00ab\u00a0Faute de la victime et responsabilit\u00e9 du fait des actes administratifs ill\u00e9gaux : les sangliers n\u2019y sont pour rien !\u00a0\u00bb, CE, SSR, 30 janvier 2013, Michel I., requ\u00eate num\u00e9ro 339918, publi\u00e9 au recueil<\/li>\n<li>18\/01\/2013 \u00ab\u00a0Gratuit\u00e9 dans les mus\u00e9es : le principe d\u2019\u00e9galit\u00e9 appliqu\u00e9 aux personnes en situation irr\u00e9guli\u00e8re\u00a0\u00bb, CE, Section, 18 janvier 2013, SOS Racisme, requ\u00eate num\u00e9ro 328230<\/li>\n<li>\u00ab\u00a0Vive le parlementarisme rationalis\u00e9 !\u00a0\u00bb<\/li>\n<\/ul>\n<h4>2012<\/h4>\n<ul>\n<li>26\/12\/2012 \u00ab\u00a0Sur l\u2019usage du terme \u201cmademoiselle\u201d dans les formulaires administratifs\u00a0\u00bb, CE, 26 d\u00e9cembre 2012, \u201d Lib\u00e9rez les Mademoiselles ! \u201c, requ\u00eate num\u00e9ro 358226<\/li>\n<li>21\/12\/2012 \u00ab\u00a0D\u00e9finition et r\u00e9gime des biens de retour des d\u00e9l\u00e9gations de service public\u00a0\u00bb, CE, Assembl\u00e9e, 21 d\u00e9cembre 2012, Commune de Douai, requ\u00eate num\u00e9ro 342788<\/li>\n<li>12\/12\/2012 \u00ab\u00a0Le pouvoir hi\u00e9rarchique des ministres sur les Agences r\u00e9gionales de sant\u00e9\u00a0\u00bb, CE, 12 d\u00e9cembre 2012, Syndicat national des \u00e9tablissements et r\u00e9sidences priv\u00e9s pour les personnes \u00e2g\u00e9es (SYNERPA), requ\u00eate num\u00e9ro 350479 et CE, 12 d\u00e9cembre 2012, Syndicat des m\u00e9decins inspecteurs de sant\u00e9 publique (SMISP) requ\u00eate num\u00e9ro 354635, publi\u00e9s au recueil Lebon<\/li>\n<li>06\/12\/2012 \u00ab\u00a0Les d\u00e9cisions de placement d\u2019un d\u00e9tenu en r\u00e9gime diff\u00e9renci\u00e9 n\u2019ont pas \u00e0 \u00eatre motiv\u00e9es\u00a0\u00bb, CE, 6 d\u00e9cembre 2012, Ministre de la justice, requ\u00eate num\u00e9ro 344995, publi\u00e9 au recueil Lebon<\/li>\n<li>26\/11\/2012 \u00ab\u00a0Le recours dirig\u00e9 contre la d\u00e9cision refusant de modifier un d\u00e9cret est un recours exerc\u00e9 contre le d\u00e9cret\u00a0\u00bb, CE, 26 novembre 2012, Monsieur Sidy B., requ\u00eate num\u00e9ro 356105<\/li>\n<li>15\/11\/2012 \u00ab\u00a0Recours contre les d\u00e9cisions opposant la prescription quadriennale\u00a0\u00bb, CE, 15 novembre 2012, Commune de Cavalaire-sur-Mer, requ\u00eate num\u00e9ro 355755, publi\u00e9 au recueil Lebon<\/li>\n<li>14\/11\/2012 \u00ab\u00a0R\u00e9gime du retrait des d\u00e9l\u00e9gations aux adjoints au maire\u00a0\u00bb, CE, 14 novembre 2012, M. Louis A., requ\u00eate num\u00e9ro 361541<\/li>\n<li>12\/11\/2012 \u00ab\u00a0De la responsabilit\u00e9 pour faute de l\u2019OFPRA\u00a0\u00bb, CE, Avis, 12 novembre 2012, OFPRA, requ\u00eate num\u00e9ro 355134<\/li>\n<li>29\/10\/2012 \u00ab\u00a0Exploitation commerciale des collections mus\u00e9ales et libert\u00e9 du commerce et de l\u2019industrie\u00a0\u00bb, CE, 29 octobre 2012, SARL Photo Josse, requ\u00eate num\u00e9ro 341173<\/li>\n<li>19\/10\/2012 \u00ab\u00a0Comp\u00e9tence juridictionnelle pour conna\u00eetre des litiges relatifs \u00e0 la retraite additionnelle de la fonction publique\u00a0\u00bb, CE, 19 octobre 2012, Etablissement de la retraite additionnelle de la fonction publique (ERAFP), requ\u00eate num\u00e9ro 342212<\/li>\n<li>11\/10\/2012 \u00ab\u00a0Les avis de l\u2019Autorit\u00e9 de la concurrence peuvent \u00eatre des actes administratifs faisant grief\u00a0\u00bb, CE, 11 octobre 2012, Soci\u00e9t\u00e9 Casino Guichard-Perrachon, requ\u00eate num\u00e9ro 357193<\/li>\n<li>03\/10\/2012 \u00ab\u00a0Personnes publiques et remboursement des frais irr\u00e9p\u00e9tibles\u00a0\u00bb, CE, 3 octobre 2012, Ministre de la d\u00e9fense et des anciens combattants, requ\u00eate num\u00e9ro 357248<\/li>\n<li>24\/09\/2012 \u00ab\u00a0Pouvoirs de police du maire et cultures OGM\u00a0\u00bb, CE, 24 septembre 2012, Commune de Valence, requ\u00eate num\u00e9ro 342990<\/li>\n<li>16\/04\/2012 \u00ab\u00a0R\u00e9f\u00e9r\u00e9 suspension en mati\u00e8re d\u2019environnement\u00a0\u00bb, Note sous CE, 16 avril 2012, Commune de Conflans-Sainte-Honorine, req.n. 355792<\/li>\n<li>01\/03\/2012 \u00ab\u00a0Offre anormalement basse et transferts de salari\u00e9s\u00a0\u00bb, Note sous CE 1 mars 2012 D\u00e9partement de corse du sud n.354159<\/li>\n<\/ul>\n<\/div>\n<h2>\u00a0<strong>Colloques et formations<\/strong><\/h2>\n<h3><strong><span>Missions et colloques \u00e0 l\u2019\u00e9tranger (hors France et Allemagne)<\/span><\/strong><\/h3>\n<div>\n<ul>\n<li>\u201cThe opposition between Rule of law and democracy: state of the debate in France\u201d.\u00a0International Scientific Conference\u00a0\u201cThe Rule of Law in Crisis?\u201d, Universit\u00e9 de<span>\u00a0<\/span><strong>Vilnius<\/strong>, 28 juin 2019.<\/li>\n<li>\u201cIl ritorno del controllo dello Stato francese sui governi locali\u201d, Colloque \u201cLe autonomie territoriali. Poteri, sovranit\u00e0, diritti\u201d. III giornata cagliaritana di studi amministrativici, Universit\u00e0 degli studi di<span>\u00a0<\/span><strong>Cagliari<\/strong>, 9 novembre 2018.<\/li>\n<li>\u201cOpen data, concessioni e appalti pubblici\u201d, Colloque \u201cNuove prospettive dell\u2019amministrazione digitale : open data e algoritmi\u201d,<span>\u00a0<\/span><strong>Venise<\/strong>, Universit\u00e0 Ca\u2019Foscari, 12 octobre 2018.<\/li>\n<li>\u201cGlobalization and the New Nationalism\u201d, ELGS Comparative Law and Global Governance,<span>\u00a0<\/span><strong>Ath\u00e8nes<\/strong><span>\u00a0<\/span>\u2013 Cap Sounion, 26 juillet 2018.<\/li>\n<li>Professeur invit\u00e9 (Visiting Professor), Universit\u00e9 de\u00a0<b>Cagliari<\/b>\u00a0(<b>Italie<\/b>, Sardaigne), 5 et 6 d\u00e9cembre 2017. S\u00e9minaire \u201cL\u2019internazionalizzazione del diritto amministrativo\u201d.<\/li>\n<li>Professeur invit\u00e9 (Visiting Professor), Universit\u00e9 de<span>\u00a0<\/span><strong>Cagliari<\/strong><span>\u00a0<\/span>(<strong>Italie<\/strong>, Sardaigne), novembre-d\u00e9cembre 2016. S\u00e9minaire \u201cIl diritto amministrativo francese a raffronto con la modernit\u00e0\u201d.<\/li>\n<li>\u00abPerception de la r\u00e9forme constitutionnelle tunisienne en France et en Allemagne\u00bb, Universit\u00e9 internationale de<span>\u00a0<\/span><strong>Tunis<\/strong>, 27 octobre 2016.<\/li>\n<li>Cours de droit administratif \u00e0 l\u2019Universit\u00e9 ELTE,<span>\u00a0<\/span><strong>Budapest<\/strong>, septembre 2008; octobre 2009.<\/li>\n<li>Intervention \u00e0 l\u2019Universit\u00e9 de<span>\u00a0<\/span><strong>Sienne<\/strong>, 24 novembre 2006 (v. le\u00a0<a href=\"http:\/\/www.cossalter.net\/cossalter\/docs\/siena.pdf\" target=\"_blank\" rel=\"noopener\">programme<\/a>, et le\u00a0<a href=\"http:\/\/www.cossalter.net\/cossalter\/docs\/esternalizzazione_colloquesienne.pdf\" target=\"_blank\" rel=\"noopener\">compte-rendu<\/a>\u00a0par Laura Zanettini pour<a href=\"http:\/\/www.esternalizzazioni.it\/\" target=\"_blank\" rel=\"noopener\">www.esternalizzazioni.it<\/a>). Publi\u00e9 en d\u00e9cembre 2007 aux \u00e9ditions Maggioli.<\/li>\n<li>Conf\u00e9rence \u00e0<span>\u00a0<\/span><strong>Bruxelles<\/strong><span>\u00a0<\/span>sur les diff\u00e9rents modes de gestion des services publics, 4 juillet 2006.<\/li>\n<li>Conf\u00e9rence \u00e0<span>\u00a0<\/span><strong>Moscou<\/strong><span>\u00a0<\/span>le 19 d\u00e9cembre 2003, pour le compte du Minist\u00e8re de l\u2019\u00c9quipement.<\/li>\n<li>Conf\u00e9rence \u00e0<span>\u00a0<\/span><strong>Ankara<\/strong><span>\u00a0<\/span>le 21 octobre 2003 pour le compte d\u2019UBIFRANCE en partenariat avec le minist\u00e8re de l\u2019\u00c9quipement.<\/li>\n<li>Cycle de conf\u00e9rences au<span>\u00a0<\/span><strong>Br\u00e9sil<\/strong><span>\u00a0<\/span>(Sa\u00f5 Paulo, Recife, Curitiba, Joinville) du 10 au 20 ao\u00fbt 2003, pour le compte d\u2019UBIFRANCE.<\/li>\n<li>Mission d\u2019expertise au<span>\u00a0<\/span><strong>Costa Rica<\/strong><span>\u00a0<\/span>en juillet 2003 pour le compte du Minist\u00e8re de l\u2019\u00c9quipement (DAEI), en vue de la r\u00e9forme l\u00e9gislative du droit des concessions.<\/li>\n<li>\u00ab\u00a0Le mod\u00e8le fran\u00e7ais des concessions de travaux\u00a0\u00bb, conf\u00e9rences \u00e0 Bogota (<strong>Colombie<\/strong>), Quito (<strong>Equateur<\/strong>) et Lima (<strong>P\u00e9rou<\/strong>), juillet 2002 pour le compte d\u2019UBIFRANCE et de l\u2019IGD..<\/li>\n<li>\u00ab\u00a0<strong>Les aspects \u00e9conomiques de la gestion d\u00e9l\u00e9gu\u00e9e<\/strong>\u00a0\u00bb, conf\u00e9rences CFME-ACTIM, les 28 novembre et 1er d\u00e9cembre 2000 \u00e0 Ljubljana (Slov\u00e9nie) et Zagreb (Croatie).<\/li>\n<\/ul>\n<\/div>\n<h3><strong><span>Interventions en Allemagne<\/span><\/strong><\/h3>\n<ul>\n<li><strong>Moderiertes Gespr\u00e4ch: Au\u00dfenperspektiven,<span>\u00a0<\/span><\/strong>colloque \u201c#GG70\u2033 \u2013 Die Verfassung der Bundesrepublik\u201d, 8 novembre 2018,<span>\u00a0<\/span><strong>Berlin<\/strong>, Minist\u00e8re f\u00e9d\u00e9ral de l\u2019int\u00e9rieur.<\/li>\n<li><strong>\u201cKonvergenzen und Divergenzen im europ\u00e4ischen Recht am Beispiel der Daseinvorsorge auf lokaler Ebene\u201d,<span>\u00a0<\/span><\/strong>10 juin 2016, Universit\u00e9 de la<span>\u00a0<\/span><strong>Sarre<\/strong>.\u00a0S\u00e9minaire ferm\u00e9 du\u00a0CEUS sur le th\u00e8me Konvergenz und Divergenz in Europ\u00e4isierungsprozessen\u201c les 10 et 11 juin 2016.<\/li>\n<li>\u201c<strong>Der Wirtschaftsliberalismus im kontinentaleurop\u00e4ischen Recht<\/strong>\u201c,\u00a0Universit\u00e9 de\u00a0<strong>Mannheim<\/strong>, 26 mars 2015, dans le cadre de la Ringvorlesung \u201c\u00d6konomien der Romania\u201d.<\/li>\n<li>\u201e<strong>Une histoire de la doctrine juridique franco-allemande<\/strong>\u201c (intervention en langue fran\u00e7aise),\u00a0Lesecaf\u00e9 der Stadtbibliothek, 12 juin 2013, dans le cadre de la Ringvorlesung organis\u00e9e par le\u00a0Frankreichzentrum en coop\u00e9ration avec le Bereich Romanische Kulturwissenschaft und Interkulturelle Kommunikation der Universit\u00e4t des Saarlandes et le Landeshauptstadt Saarbr\u00fccken.<\/li>\n<li>Intervention sur \u00ab\u00a0Les modes de gestion de l\u2019eau dans l\u2019Union europ\u00e9enne\u00a0\u00bb, dans le cadre de la Conf\u00e9rence mondiale sur l\u2019eau douce, Bonn, 5 d\u00e9cembre 2001<\/li>\n<\/ul>\n<h3><strong><span>Intervention en\u00a0France<\/span><\/strong><\/h3>\n<div>\n<ul>\n<li><strong>\u201cErreur et r\u00e9gularisation en cours de passation\u201d,<span>\u00a0<\/span><\/strong>intervention lors de l\u2019atelier \u201cDroit \u00e0 l\u2019erreur et office du juge en droit des march\u00e9s publics\u201d, Etats g\u00e9n\u00e9raux du droit administratif 2018, Conseil national des barreaux \u2013 Conseil d\u2019Etat, Paris, Maison de la Chimie, 21 juin 2018.<\/li>\n<li><strong>\u201cL\u2019internationalisation du droit administratif : un point de vue fran\u00e7ais\u201d<\/strong>, intervention \u00e0 l\u2019occasion du colloque \u201cL\u2019internationalisation du droit administratif, perspectives compar\u00e9es\u201d, Universit\u00e9 Panth\u00e9on-Assas (Paris II), 24 mai 2018.<\/li>\n<li><strong>\u201cLa justiciabilit\u00e9 de l\u2019algorithme\u201d<\/strong>, intervention \u00e0 l\u2019occasion du colloque \u201cLes algorithmes publics\u201d, Universit\u00e9 de Lorraine \u2013 Metz, 13 avril 2018.<\/li>\n<li><strong>\u201cLe choix du recours \u00e0 un partenaire pour la gestion globale d\u2019un ouvrage \u2013 L\u2019analyse du juriste\u201d<\/strong>, intervention \u00e0 l\u2019occasion du colloque \u201cL\u2019\u00e9conomie du contrat de partenariat. \u2013 Les inflexions du droit sous l\u2019influence de l\u2019\u00e9conomie dans les march\u00e9s de partenariat\u201d, Universit\u00e9 de Bordeaux, 16 novembre 2017.<\/li>\n<li><strong>\u201cLes mod\u00e8les de contractualisation\u201d<\/strong>, intervention \u00e0 l\u2019occasion du colloque \u201cLa contractualisation en droit public : bilan et persepctives\u201d, Universit\u00e9 de Lille, 23 mars 2017.<\/li>\n<li><strong>\u201cTrouver un lieu s\u00e9curis\u00e9 pour \u00e9chapper \u00e0 la concurrence : les potentialit\u00e9s du in-house et du backyard management\u201d<\/strong>,\u00a0\u00a0dans le cadre du colloque \u00ab Les directives et les ordonnances march\u00e9s et concessions: les nouvelles marges de la commande publique\u00bb, 3 juin 2016 \u2013 Les Tertiales \u2013 Valenciennes, organis\u00e9 par St\u00e9phane De La Rosa.<\/li>\n<li>\u201c<strong>La dignit\u00e9 de la personne humaine en droit public fran\u00e7ais<\/strong>\u201c, intervention \u00e0 la 7\u00e8me conf\u00e9rence-d\u00e9bat du Centre de droit public compar\u00e9, Universit\u00e9 Panth\u00e9on-Assas Paris II, 30 octobre 2014, publi\u00e9<span>\u00a0<\/span><em>in<\/em><span>\u00a0<\/span>: Revue g\u00e9n\u00e9rale du droit on line, 2014, num\u00e9ro 18309 (<a href=\"http:\/\/www.revuegeneraledudroit.eu\/?p=18309\" target=\"_blank\" rel=\"noopener\">www.revuegeneraledudroit.eu\/?p=18309<\/a>).<\/li>\n<li>\u201c<strong>Les Grands arr\u00eats de la jurisprudence administrative<\/strong>\u201c,\u00a0colloque organis\u00e9 par le CERSA \u00e0 l\u2019Universit\u00e9 Paris II le 8 f\u00e9vrier 2014. \u00a0Publi\u00e9\u00a0<em>in<\/em><span>\u00a0<\/span>: Caillosse (Jacques) et Renaudie (Olivier), Le Conseil d\u2019Etat et l\u2019Universit\u00e9, Paris, Dalloz, 2015, pp. 163-177.<\/li>\n<li>Conf\u00e9rence sur \u201c<strong>20 ans de contentieux administratif des contrats publics : permanence et innovations<\/strong>\u201c. 1er d\u00e9cembre 2010 \u00e0 L\u2019Institut de France. Pour les 20 ans de l\u2019IDPA, dans le cadre des Floril\u00e8ges du droit public. Actes \u00e0 para\u00eetre \u00e0\u00a0<em>La m\u00e9moire du droit<\/em>.<\/li>\n<li>Participation au colloque \u201c<strong>Les recours contre les march\u00e9s publics en France et en Allemagne depuis la transposition de la nouvelle directive \u00ab recours \u00bb<\/strong>\u201c, Universit\u00e9 de Metz, 24 septembre 2010. Pr\u00e9sidence du deuxi\u00e8me atelier \u201cLibert\u00e9 contractuelle, libre-concurrence et int\u00e9r\u00eat g\u00e9n\u00e9ral dans le r\u00e9gime des march\u00e9s publics en France et en Allemagne\u201d. T\u00e9l\u00e9chargez le programme du colloque en\u00a0<a href=\"http:\/\/www.cossalter.net\/cossalter\/docs\/colloque_metz_20100924.pdf\" target=\"_blank\" rel=\"noopener\">PDF<\/a><\/li>\n<li>\u201c<strong>Les EPIC face au droit de la concurrence<\/strong>\u201c, 24 avril 2009, dans le cadre du colloque \u201cLes EPIC dans tous leurs \u00e9tats\u201d, organis\u00e9 \u00e0 l\u2019Universit\u00e9 de Lyon III. V. le programme du colloque en\u00a0<a href=\"http:\/\/www.cossalter.net\/cossalter\/docs\/Plaquette%20colloque%20EPIC.pdf\" target=\"_blank\" rel=\"noopener\">PDF<\/a><\/li>\n<li>\u201c<strong>S\u00e9curit\u00e9 publique et secteur priv\u00e9<\/strong>\u201d \u00e0 l\u2019occasion du Colloque EUROPA, \u201cLa s\u00e9curit\u00e9 int\u00e9rieure en Europe : entre protection des citoyens et fr\u00e9n\u00e9sie s\u00e9curitaire ?\u201d, Limoges, 14 novembre 2008 (<a href=\"http:\/\/www.europaong.org\/\" target=\"_blank\" rel=\"noopener\">http:\/\/www.europaong.org<\/a>) . T\u00e9l\u00e9chargez\u00a0<a href=\"http:\/\/www.cossalter.net\/cossalter\/docs\/Programme_colloque_EUROPA_2008.pdf\" target=\"_blank\" rel=\"noopener\">le programme<\/a>, ainsi que le r\u00e9sum\u00e9, le sommaire et la bibliographie de l\u2019intervention,\u00a0<a href=\"http:\/\/www.cossalter.net\/cossalter\/docs\/INTERVENTION_EUROPA_20081114_Abstracts.pdf\" target=\"_blank\" rel=\"noopener\">au format PDF<\/a>.<\/li>\n<li>\u00ab<span>\u00a0<\/span><strong>L\u2019alin\u00e9a 9<\/strong><span>\u00a0<\/span>\u00bb, intervention dans le cadre de la Conf\u00e9rence de l\u2019\u00e9cole doctorale Georges Vedel, Universit\u00e9 Panth\u00e9on-Assas (Paris II), \u00ab Le pr\u00e9ambule de la Constitution de 1946 \u00bb, 1er juin 2007.<\/li>\n<li>Sciences Po,\u00a0<a href=\"http:\/\/chairemadp.sciences-po.fr\/index.html\" target=\"_blank\" rel=\"noopener\">Chaire Mutations de l\u2019Action publique et du Droit Public<\/a>, s\u00e9minaire \u00ab Droit administratif compar\u00e9, europ\u00e9en et global \u00bb, 23 mars 2007.<\/li>\n<li>Grand t\u00e9moin sur le cas de l\u2019Espagne lors des\u00a0<em>Rencontres de la construction<\/em>, Palais du Luxembourg, 10 d\u00e9cembre 2002, \u201cLes contrats de construction en Europe : comparaisons nationales et \u00e9volution de la r\u00e9glementation europ\u00e9enne \u201c.<\/li>\n<li>\u00ab L\u2019\u00e9conomie mixte en Europe \u00bb, 36\u00e8me Congr\u00e8s national des SEM, Marseille, 16 octobre 2002.<\/li>\n<li>\u00ab \u00c9conomie mixte et gestion d\u00e9l\u00e9gu\u00e9e \u00bb, 35\u00e8me Congr\u00e8s national des SEM, Grenoble, 5 octobre 2001.<\/li>\n<li>\u00ab<strong><span>\u00a0<\/span>La double nature du contrat de partenariat<\/strong><span>\u00a0<\/span>\u00bb, rapport introductif aux actes du colloque DEPFA Banque \u2013 Fitch Rating, Quels partenariats public-priv\u00e9 pour les grands projets locaux ?, Palais du Luxembourg, 11 mars 2004.<\/li>\n<li>Rapporteur de la table ronde DEPFA Bank sur \u00ab Le renouveau des concessions d\u2019infrastructures en France \u00bb du mardi 21 janvier 2003. Actes dactylographi\u00e9s et broch\u00e9s.<\/li>\n<li>Intervention dans le cadre du Master DERE (Sciences Po Strasbourg), 2011, 2012, 2013.<\/li>\n<li>Diverses interventions pour l\u2019ENA, l\u2019ENACT, l\u2019\u00c9cole de la Ma\u00eetrise d\u2019Ouvrage (\u00c9cole des Ponts et Chauss\u00e9es), la DAEI (Minist\u00e8re de l\u2019\u00e9quipement), l\u2019IEJ de PAris 2.<\/li>\n<\/ul>\n<\/div>\n<\/div>\n<h2><strong>Directions et co-directions de th\u00e8ses et m\u00e9moires, participation \u00e0 des jurys<\/strong><\/h2>\n<p><strong><\/strong><\/p>\n<h3><strong><span>Directions et co-directions de th\u00e8ses<\/span><\/strong><\/h3>\n<ul>\n<li>Aleksandr Stepanov, <em>l&#8217;acte administratif num\u00e9rique<\/em>, co-direction avec Pierre Tifie, Universit\u00e9 de Lorraine, 2019-, Financement LUE Impact Digitrust<\/li>\n<li>Felix Schubert,\u00a0<em>L\u2019Etat partie \u00e0 l\u2019arbitrage\u00a0: comparaison France \u2013 Allemagne,<span>\u00a0<\/span><\/em>co-tutelle avec Gilles G. Guglielmi, Universit\u00e9 Panth\u00e9on-Assas (Paris 2), 2017 \u2013<\/li>\n<li>Laura Jaillet,\u00a0<em>La coop\u00e9ration frontali\u00e8re en mati\u00e8re de pr\u00e9vention des risques,<span>\u00a0<\/span><\/em>co-tutelle avec Gilles G. Guglielmi, Universit\u00e9 Panth\u00e9on-Assas (Paris 2), 2017 \u2013<\/li>\n<li>Anne-Claire Mansion,<span>\u00a0<\/span><em>Blockchain et droit public<\/em>, co-direction avec Lucie Cluzel et Pierre Tifine, Universit\u00e9 de Lorraine, 2016-,\u00a0Financement LUE Impact Digitrust<\/li>\n<\/ul>\n<h3><strong><span>Directions et co-directions de\u00a0m\u00e9moires<\/span><\/strong><\/h3>\n<h4>Universit\u00e9 de la Sarre<\/h4>\n<ul>\n<li>Martha Maniura, \u201cExiste-t-il un droit frontalier ?\u201d,\u00a0Seminar im franz\u00f6sischen Recht mit\u00a0rechtsvergleichenden Aspekten zum deutschen Recht,\u00a0Sommersemester\u00a02017<\/li>\n<li>Leonie Babst, \u201cCollecte et traitement des d\u00e9chets en zone frontali\u00e8re : \u00e9tude de cas autour du SYDEME\u201d,\u00a0Seminar im franz\u00f6sischen Recht mit\u00a0rechtsvergleichenden Aspekten zum deutschen Recht,\u00a0Sommersemester 2015<\/li>\n<li>Lyn Paula Fischer, \u201cLa coop\u00e9ration hospitali\u00e8re transfrontali\u00e8re : \u00e9tude de cas\u201d, Seminar im franz\u00f6sischen Recht mit\u00a0rechtsvergleichenden Aspekten zum deutschen Recht,\u00a0Sommersemester 2015<\/li>\n<li>Julia Brandenberger, \u201cLe respect de la la\u00efcit\u00e9 en milieu scolaire en France et en Allemagne\u201d,\u00a0Seminar im franz\u00f6sischen Recht mit rechtsvergleichenden Aspekten zum deutschen Recht, Wintersemester 2013-2014<\/li>\n<\/ul>\n<h4>Universit\u00e9 de Lorraine<\/h4>\n<ul>\n<li>Soraya \u00a0Alnajem Azzam,\u00a0\u00ab\u00a0La police administrative et les circonstances locales\u00a0\u00bb, Master 2 Droit des collectivit\u00e9s territoriales et coop\u00e9ration transfrontali\u00e8re, 2016-2017<\/li>\n<\/ul>\n<h4>Universit\u00e9 Panth\u00e9on-Assas (Paris 2)<\/h4>\n<ul>\n<li>Agathe Roussel, \u201cLa soumission de l\u2019administration fran\u00e7aise aux droits \u00e9trangers\u201d,\u00a0Master II Droit Public Compar\u00e9, Universit\u00e9 Panth\u00e9on-Assas (Paris 2), 2015-2016<\/li>\n<li>Dimitra Tzitziou, \u201cPublic Interest et rulemaking process aux Etats-Unis\u201d,\u00a0Master II Droit Public Compar\u00e9, Universit\u00e9 Panth\u00e9on-Assas (Paris 2), 2015-2016<\/li>\n<\/ul>\n<p>&nbsp;<\/p>\n<h3><strong><span>Participation \u00e0 des jurys de th\u00e8se\u00a0<\/span><\/strong><\/h3>\n<h4>En qualit\u00e9 de rapporteur<\/h4>\n<ul>\n<li>Muna Alhajri, Le contrat BOT au Kowe\u00eft : un mod\u00e8le de partenariat public-priv\u00e9, sous la direction d\u2019Olivier Renaudie, Universit\u00e9 de Lorraine, 3 juillet 2018.<\/li>\n<li>Florin Irima, Le contentieux pr\u00e9contractuel des march\u00e9s publics en France et en Roumanie, Universit\u00e9 Panth\u00e9on-Assas (Paris II), sous la direction de Gilles Guglielmi, Paris, 16 d\u00e9cembre 2016.<\/li>\n<li>Giorgio Mancosu, La transparence publique \u00e0 l\u2019\u00e8re de l\u2019Open Data. Etude compar\u00e9e Italie-France, cotutelle Universit\u00e9s de Cagliari et Universit\u00e9 Panth\u00e9on-Assas (Paris 2), sous la direction d\u2019ANdrea Pubusa et Gilles J. Guglielmi, Cagliari 29 mars 2016.<\/li>\n<li>Gregory Cagnon, Contrats publics et financement : Contribution \u00e0 la th\u00e9orisation des contrats publics, sous la direction de Guylain Clamour et Etienne Douat, Universit\u00e9 de Montpellier, 10 janvier 2014.<\/li>\n<li>Reine Wakote, L\u2019 \u00e9volution des conceptions doctrinales et jurisprudentielles relatives au pouvoir de d\u00e9cision de l\u2019administration en Allemagne et en France depuis 1860 : (pouvoir discr\u00e9tionnaire stricto sensu et notion juridique ind\u00e9termin\u00e9e), Universit\u00e9 Paris I Panth\u00e9on-Sorbonne, sous la direction de Michel Fromont, 2011<\/li>\n<li>Marine Durand, La dignit\u00e9 de la personne humaine en droit de l\u2019Union europ\u00e9enne. De la gen\u00e8se aux fonctions du concept, cotutelle Universit\u00e9 de la Sarre et Universit\u00e9 Paris 10 Nanterre, sous la direction de V\u00e9ronique Champeil-Desplats et Torsten Stein, 1 juillet 2011.<\/li>\n<\/ul>\n<p>[\/et_pb_text][\/et_pb_column][\/et_pb_row][\/et_pb_section]<\/p>\n","protected":false},"excerpt":{"rendered":"<p>&nbsp; Chaire de droit public fran\u00e7ais de l&#8217;Universit\u00e9 de la Sarre Directeur du Centre juridique franco-allemand Membre du Centre de droit public compar\u00e9 de l&#8217;Universit\u00e9 Panth\u00e9on-Assas (Paris 2) \u00a0 Fonctions actuelles Directeur du Centre juridique franco-allemand Doyen en charge des \u00e9tudes (Studiendekan) de la facult\u00e9 de droit de l\u2019Universit\u00e9 de la Sarre Titulaire de la [&hellip;]<\/p>\n","protected":false},"author":2,"featured_media":793,"parent":0,"menu_order":0,"comment_status":"open","ping_status":"open","template":"","meta":{"_et_pb_use_builder":"on","_et_pb_old_content":"&nbsp;\r\n\r\n<a href=\"http:\/\/cossalter.net\/wp-content\/uploads\/2017\/11\/Portrait_Cossalter.jpg\"><img class=\"wp-image-793 size-thumbnail alignleft\" src=\"http:\/\/cossalter.net\/wp-content\/uploads\/2017\/11\/Portrait_Cossalter-150x150.jpg\" alt=\"\" width=\"150\" height=\"150\" \/><\/a>\r\n\r\n<strong>Chaire de droit public fran\u00e7ais de l'Universit\u00e9 de la Sarre<\/strong>\r\n\r\n<strong>Directeur du Centre juridique franco-allemand<\/strong>\r\n\r\n<strong>Membre du Centre de droit public compar\u00e9 de l'Universit\u00e9 Panth\u00e9on-Assas (Paris 2)<\/strong>\r\n\r\n<em>\u00a0<\/em>\r\n<h2>Fonctions actuelles<\/h2>\r\n<ul>\r\n \t<li>Titulaire de la Chaire de droit public fran\u00e7ais de l'Universit\u00e9 de la Sarre<\/li>\r\n \t<li>Professeur d\u00e9tach\u00e9 de l'Universit\u00e9 de Lille<\/li>\r\n \t<li>Directeur du Centre juridique franco-allemand<\/li>\r\n \t<li>Membre du <em>Vereinigung der Deutschen Staatsrechtslehrer<\/em>.<\/li>\r\n \t<li>Membre du directoire de l'<em>Institut f\u00fcr Rechtsinformatik<\/em> de l'Universit\u00e9 de la Sarre<\/li>\r\n \t<li>Membre du Conseil scientifique du Centre de droit public compar\u00e9 de l'Universit\u00e9 Panth\u00e9on-Assas (Paris II)<\/li>\r\n \t<li>Membre associ\u00e9 de l'Institut de recherche sur l'\u00e9volution de l'Etat et de la Nation (IRENEE), Universit\u00e9 de Lorraine<\/li>\r\n<\/ul>\r\n<strong style=\"font-size: 1.5em; line-height: 1.5em;\">Titres et Formation<\/strong>\r\n<div>\r\n<ul>\r\n \t<li>\u00a0Admis au concours externe d'agr\u00e9gation de droit public, juin 2010.<\/li>\r\n \t<li>Ma\u00eetre de conf\u00e9rences \u00e0 l'Universit\u00e9 Panth\u00e9on-Assas (Paris II), septembre 2006 - septembre 2010<\/li>\r\n \t<li>Qualifi\u00e9 aux fonctions de ma\u00eetre de conf\u00e9rences par la CNU (section 02) en mars 2006.<\/li>\r\n \t<li>Laur\u00e9at de l'Ecole fran\u00e7aise du barreau, septembre 2005.<\/li>\r\n \t<li>Dipl\u00f4m\u00e9 de l'Institut de droit public des affaires, septembre 2005.<\/li>\r\n \t<li>Doctorat de droit public \u00e0 l'Universit\u00e9 Panth\u00e9on-Assas Paris II, sur\u00a0: \u00ab\u00a0Les d\u00e9l\u00e9gations d'activit\u00e9s publiques dans l'Union europ\u00e9enne\u00a0\u00bb, sous la direction de Monsieur le professeur Pierre Delvolv\u00e9 (soutenance le 6 septembre 2005).<\/li>\r\n \t<li>\u00a0DEA de droit public interne \u00e0 l\u2019Universit\u00e9 Panth\u00e9on-Assas Paris II, juin 1999.<\/li>\r\n \t<li>Ma\u00eetrise de droit public \u00e0 l\u2019Universit\u00e9 de Nancy 2, juin 1997.<\/li>\r\n \t<li>Ma\u00eetrise de droit des affaires \u00e0 l\u2019Universit\u00e9 de Nancy 2, juin 1997.<\/li>\r\n \t<li>Licence d\u2019histoire de l\u2019art \u00e0 l\u2019Universit\u00e9 de Nancy 2, juin 2000.<\/li>\r\n \t<li>Licence de droit public \u00e0 l\u2019Universit\u00e9 de Nancy 2, juin 1996.<\/li>\r\n<\/ul>\r\n<\/div>\r\n&nbsp;\r\n<h2>Principales exp\u00e9riences professionnelles<\/h2>\r\n<ul>\r\n \t<li>Ma\u00eetre de conf\u00e9rences \u00e0 l\u2019Universit\u00e9 Panth\u00e9on-Assas (Paris II) 2006 - 2010<\/li>\r\n \t<li>ATER en Droit public (temps plein) \u00e0 l\u2019Universit\u00e9 Panth\u00e9on-Assas Paris II, 2002-2004<\/li>\r\n \t<li>Charg\u00e9 de mission \u00e0 l\u2019Institut de la gestion d\u00e9l\u00e9gu\u00e9, 1999-2002<\/li>\r\n \t<li>Secr\u00e9taire de r\u00e9daction, administrateur et webmestre de la revue en ligne Droit 21 (www.droit21.com) 2000-2003<\/li>\r\n \t<li>Assistant de recherches \u00e0 l\u2019Institut international d\u2019administration publique IIAP, 1999 \u2013 2001<\/li>\r\n \t<li>Secr\u00e9taire de la <i>Revue fran\u00e7aise d\u2019administration publique<\/i> (RFAP)<\/li>\r\n \t<li>Assistant pour l\u2019organisation du 24\u00b0 congr\u00e8s international des sciences administratives \u00e0 l'IFSA (Conseil d\u2019\u00c9tat), 1997 \u2013 1998<\/li>\r\n<\/ul>\r\n&nbsp;\r\n<h2>Activit\u00e9s d'enseignement<\/h2>\r\n&nbsp;\r\n<h3>Cours<\/h3>\r\n<ul>\r\n \t<li>\u00a0<strong>Droit constitutionnel<\/strong>, 1\u00e8re ann\u00e9e droit, Universit\u00e9 de la Sarre, depuis 2010<\/li>\r\n \t<li><strong>\u00a0Droit administratif<\/strong>, 2\u00e8me ann\u00e9e droit, Universit\u00e9 de la Sarre, depuis 2010<\/li>\r\n \t<li><strong>Internationalisation du droit administratif<\/strong>, Master 2 \"Recherche\" Droit public compar\u00e9, Universit\u00e9 Panth\u00e9on-Assas (Paris II), depuis 2014<\/li>\r\n \t<li><strong>Droit des contrats publics<\/strong>, Master 2 Droit de l'urbanisme, Universit\u00e9 de Lorraine, depuis 2013<\/li>\r\n \t<li>Droit europ\u00e9en et droit compar\u00e9 des contrats de la commande publique, Master DERE, Sciences-Po Strasbourg, 2011-2014<\/li>\r\n \t<li>Syst\u00e8me fiscal fran\u00e7ais, Licence 3 AES-AGE, Universit\u00e9 Panth\u00e9on-Assas (Paris II), 2008-2009<\/li>\r\n \t<li>\u00a0Droit administratif, Master 1 Droit, Universit\u00e9 ELTE (Budapest), 2008-2009<\/li>\r\n \t<li>\u00a0Droit fiscal g\u00e9n\u00e9ral, capacit\u00e9 2\u00e8me ann\u00e9e, Universit\u00e9 Panth\u00e9on-Assas (Paris II), 2006-2008<\/li>\r\n<\/ul>\r\n&nbsp;\r\n<h3>Travaux dirig\u00e9s<\/h3>\r\n<ul>\r\n \t<li>\u00a0Droit administratif, pour Monsieur le professeur Pierre Delvolv\u00e9, licence 2<sup>\u00e8me<\/sup> ann\u00e9e, 2002-2004, 2006-2008<\/li>\r\n \t<li>Droit public de l\u2019\u00e9conomie, pour Madame le professeur Martine Lombard, Master 1, 2002-2004, 2007-2009<\/li>\r\n \t<li>Droit constitutionnel, pour Monsieur le professeur Philippe Lauvaux, Licence 1<sup>\u00e8re<\/sup> ann\u00e9e, 2006-2007<\/li>\r\n \t<li>Fiscalit\u00e9 des contrats administratifs, M2 Droit public de l\u2019\u00e9conomie, Universit\u00e9 de Nantes, 2008-2010<\/li>\r\n<\/ul>\r\n&nbsp;\r\n<h2>Activit\u00e9s scientifiques<\/h2>\r\n<ul>\r\n \t<li>Directeur de la publication de la Revue g\u00e9n\u00e9rale du droit (<a href=\"http:\/\/www.revuegeneraledudroit.eu\" target=\"_blank\" rel=\"noopener\">www.revuegeneraledudroit.eu<\/a>)<\/li>\r\n \t<li>Directeur de la publication de BIJUS (<a href=\"http:\/\/www. bijus.eu\" target=\"_blank\" rel=\"noopener\">www.bijus.eu<\/a>)<\/li>\r\n \t<li>Directeur de la publication des Editions juridiques franco-allemandes (<a href=\"http:\/\/www.ejfa-editions.eu\" target=\"_blank\" rel=\"noopener\">www.ejfa-editions.eu<\/a>)<\/li>\r\n \t<li>Expert \u00e9tranger aupr\u00e8s du MIUR (<a href=\"http:\/\/www.istruzione.it\/\" target=\"_blank\" rel=\"noopener\">Ministero dell'Istruzione, dell'Universit\u00e0 e della Ricerca<\/a>)<\/li>\r\n \t<li>Membre fondateur du Laboratoire m\u00e9diterran\u00e9en de droit public (<a href=\"http:\/\/www.lm-dp.org\/\" target=\"_blank\" rel=\"noopener\">http:\/\/www.lm-dp.org\/<\/a>)<\/li>\r\n \t<li>Membre du r\u00e9seau\u00a0Public Contracts in Legal Globalization (PCLG) (<a href=\"http:\/\/www.public-contracts.net\/\" target=\"_blank\" rel=\"noopener\">http:\/\/www.public-contracts.net<\/a>)<\/li>\r\n<\/ul>\r\n&nbsp;\r\n<h2>Ouvrages<\/h2>\r\n<ul>\r\n \t<li><em>Guide de la commande publique <\/em>(co-auteur), Paris, Le Moniteur, 2007; 2\u00e8me \u00e9dition 2009; 3\u00e8me \u00e9dition 2012; 4\u00e8me \u00e9dition 2017.<\/li>\r\n \t<li>avec Claude Witz (Dir.), <em>60 ans d'influences juridiques r\u00e9ciproques franco-allemandes<\/em>, Soci\u00e9t\u00e9 de L\u00e9gislation compar\u00e9e, 2016.<\/li>\r\n \t<li>(Ed.) <em>Grenz\u00fcberschreitende Zusammenarbeit in der Gro\u00dfregion : eine Bestandsaufnahme<\/em>, Edition juridiques franco-allemandes, (coll. \u201eRevue g\u00e9n\u00e9rale du droit\u201c, S\u00e9rie Colloques), 2016.<\/li>\r\n \t<li>Pr\u00e9face et traduction de Cassese (Sabino) Au-del\u00e0 de l'Etat, Bruxelles, Bruylant, 2011 (Titre original Oltre lo Stato, Editions Laterza, 2006)<\/li>\r\n \t<li><em>Les d\u00e9l\u00e9gations d'activit\u00e9s publiques dans l'Union europ\u00e9enne<\/em>, Paris, LGDJ (coll. \"Biblioth\u00e8que de droit public\", tome 249), 2007.<\/li>\r\n<\/ul>\r\n<h2>Articles et traductions<\/h2>\r\n<ul>\r\n \t<li style=\"text-align: justify;\">\"La cour constitutionnelle allemande et les relations entre ordre juridique national et ordre juridique international\", RFDA 2017 n\u00b0 4, pp. 799 s; avec Audrey E. Schlegel, \"La d\u00e9cision OMT de 2016 : une ouverture\", pp. 811-817.<\/li>\r\n \t<li style=\"text-align: justify;\">\"L'int\u00e9r\u00eat g\u00e9n\u00e9ral et les partenariats public-priv\u00e9 : de l'avantage des rapports institutionnels sur le contrat\", in Guglielmi (Gilles J.) (dir.), <em>L'int\u00e9r\u00eat g\u00e9n\u00e9ral dans les pays de <\/em>common law<em> et de droit \u00e9crit<\/em>, Editions Panth\u00e9on-Assas, 2017, pp. 135-151.<\/li>\r\n \t<li style=\"text-align: justify;\">avec Jan Henrik Klement, \u00ab\u00a0La place du droit international public dans l\u2019ordre juridique allemand\u00bb, <em>in<\/em> : Bonnet (Baptiste), (dir.), <em>Trait\u00e9 des rapports entre ordres juridiques<\/em>, LGDJ, novembre 2016.<\/li>\r\n \t<li style=\"text-align: justify;\">\u201cLa cauta affermazione della dignit\u00e0 della persona nel diritto pubblico francese\u201d, Rivista trimestrale du diritto pubblico, 2015 n. 4, pp. 1181-1303.<\/li>\r\n \t<li style=\"text-align: justify;\">\u201cChronique de droit administratif allemand\u201d, DA 2015 n\u00b0 10 pp. 20-25 avec Audrey Schlegel et Laura Jaillet.<\/li>\r\n \t<li style=\"text-align: justify;\">\"Highway to the danger zone : Das Scheitern des franz\u00f6sischen Staates am Beispiel seines Stra\u00dfenverkehrswesens\", in : Heike (Jochum), Elicker (Michael), Lampert (Steffen), Bartone (Roberto), Freiheit, Gleichheit, Eigentum - \u00d6ffentliche Finanzen und Abgaben, Festschrift f\u00fcr Rudolf Wendt zum 70. Geburtstag, Dunker &amp; Humblot, Berlin 2015, pp. 1139-1163.<\/li>\r\n \t<li style=\"text-align: justify;\">\"Il fallimento dello Stato francese illustrato dalla sua politica dei trasporti su strada\" <em>in<\/em> : Mercato Concorrenza Regole 1\/2015, pp. 85-106, doi: 10.1434\/80362<\/li>\r\n \t<li style=\"text-align: justify;\">\"Les Grands arr\u00eats de la jurisprudence administrative\"\u00a0<em>in<\/em> : Caillosse (Jacques) et Renaudie (Olivier), Le Conseil d'Etat et l'Universit\u00e9, Paris, Dalloz, 2015, pp. 163-177.<\/li>\r\n \t<li style=\"text-align: justify;\">\"La faillite de l\u2019Etat fran\u00e7ais illustr\u00e9e par ses transports routiers\", Revue g\u00e9n\u00e9rale du droit <i>on line<\/i>, 2015, num\u00e9ro 18996 (<a href=\"http:\/\/www.revuegeneraledudroit.eu\/?p=18996\" target=\"_blank\" rel=\"noopener\">www.revuegeneraledudroit.eu\/?p=18996<\/a>)<\/li>\r\n \t<li style=\"text-align: justify;\">\"Une courte histoire des \u00e9changes entre les doctrines juridiques fran\u00e7aise et allemande\",\u00a0<em>in<\/em> :\u00a050 Jahre Elys\u00e9e- Vetrag (1963-2013)\/ Les 50 ans du trait\u00e9 de l\u2019Elys\u00e9e (1963-2013) Traditionen, Herausforderungen, Perspektiven\/ Traditions, d\u00e9fis , perspectives, Jahrbuch des Frankreichzentrums der Universit\u00e4t des Saarlandes Band 13 2013.<\/li>\r\n \t<li style=\"text-align: justify;\">\u00ab La dignit\u00e9 humaine en droit public fran\u00e7ais : l\u2019ultime recours \u00bb, Intervention \u00e0 la 7\u00e8me conf\u00e9rence-d\u00e9bat du Centre de droit public compar\u00e9, Universit\u00e9 Panth\u00e9on-Assas Paris II, 30 octobre 2014 ' : Revue g\u00e9n\u00e9rale du droit <i>on line<\/i>, 2014, num\u00e9ro 18309 (www.revuegeneraledudroit.eu\/?p=18309).<\/li>\r\n \t<li style=\"text-align: justify;\">\"20 ans de contentieux administratif des contrats publics\" in : Floril\u00e8ges du droit public, M\u00e9langes en l'honneur de Jean-Pierre Boivin, Paris, La m\u00e9moire du droit, 2012, 231-258<\/li>\r\n \t<li style=\"text-align: justify;\">Voce \"Droit compar\u00e9s\" in : Initiation au droit, Mathieu Touzeil-Divina (dir.), Paris, LGDJ, 2011.<\/li>\r\n \t<li style=\"text-align: justify;\">Note sous CE, 21 mars 2011, n\u00b0 304806, Commune de B\u00e9ziers,\u00a0<em>Revue juridique de l'\u00e9conomie publique<\/em>\u00a0n\u00b0 690, Octobre 2011, comm. 44<\/li>\r\n \t<li style=\"text-align: justify;\">\u00ab La soci\u00e9t\u00e9 publique locale : un outil r\u00e9pandu en Europe \u00bb,\u00a0<em>Revue du droit public<\/em>, 2011 n\u00b0\u00a03, pp.\u00a0757 s.<\/li>\r\n \t<li style=\"text-align: justify;\">\"L'intervention du secteur priv\u00e9 dans les activit\u00e9s de s\u00e9curit\u00e9 publique: \u00e0 la recherche d'une limite\", in\u00a0<em>La s\u00e9curit\u00e9 int\u00e9rieure en Europe : entre protection des citoyens et fr\u00e9n\u00e9sie s\u00e9curitaire ?<\/em>, PULIM 2010.<\/li>\r\n \t<li style=\"text-align: justify;\">\u00ab La renaissance de la concession de travaux : un contrat ni souhait\u00e9, ni souhaitable \u00bb, AJDA 19 octobre 2009. Commentaire sous l'ordonnance n\u00b0\u00a02009-864 du 15 juillet 2009\u00a0<em>relative aux contrats de concession de travaux publics<\/em>.<\/li>\r\n \t<li style=\"text-align: justify;\">\u00a0\u00ab Les EPIC face au droit de la concurrence \u00bb,\u00a0<em>JCP\u00a0<\/em>Administrations et Collectivit\u00e9s territoriales, 14 Septembre 2009, n\u00b0 38.<\/li>\r\n \t<li style=\"text-align: justify;\"><em>Ma\u00eetrise d'ouvrage et ma\u00eetrise d'oeuvre<\/em>, fascicule 652, Jurisclasseur administratif, 25 novembre 2008.<\/li>\r\n \t<li style=\"text-align: justify;\">\u00ab\u00a0L\u2019alin\u00e9a 9\u00a0\u00bb, Intervention dans le cadre du colloque du 1er juin, \u00ab\u00a0Le pr\u00e9ambule de la Constitution de 1946\u00a0\u00bb, \u00e9cole doctorale Georges Vedel, 1er juin 2007, \u00c9ditions Panth\u00e9on-Assas, 2008, pp. 171-195.<\/li>\r\n \t<li style=\"text-align: justify;\">Participation \u00e0 l'\u00e9laboration du rapport\u00a0<em>Mieux acheter pour un meilleur service public<\/em>\u00a0-\u00a0<em>Des march\u00e9s publics complexes aux partenariats public-priv\u00e9<\/em>, Secr\u00e9tariat d'Etat charg\u00e9 de la prospective, de l'\u00e9valuation des politiques publiques et du d\u00e9veloppement de l'\u00e9conomie num\u00e9rique, Mai 2008. T\u00e9l\u00e9chargez le rapport\u00a0<a href=\"http:\/\/www.cossalter.net\/cossalter\/docs\/RapportPPPjuin2008.pdf\" target=\"_blank\" rel=\"noopener\">au format PDF<\/a>\u00a0(2,5 Mo).<\/li>\r\n \t<li style=\"text-align: justify;\">\"La r\u00e9cup\u00e9ration des aides d'Etat\", avec S\u00e9bastien Ferrari,\u00a0<em>Actualit\u00e9 des contrats et de la commande publique,\u00a0<\/em>2008.<\/li>\r\n \t<li style=\"text-align: justify;\">Note sous CE 16 juillet 2007,\u00a0<em>Soci\u00e9t\u00e9 Tropic Travaux Signalisation, DA\u00a0<\/em>2007 n\u00b0\u00a010.<\/li>\r\n \t<li style=\"text-align: justify;\">Traduction (de l'italien) de : NAPOLITANO (Giorgio), \u00ab\u00a0La trag\u00e9die des communs\u00a0\u00bb,\u00a0<em>Droit administratif<\/em>, 2007 n\u00b0\u00a01.<\/li>\r\n \t<li style=\"text-align: justify;\">\"L'esperienza francese\"\u00a0<em>in<\/em><em>:\u00a0<\/em>Luigi Fiorentino et Bernardo Giorgio Mattarella (dir.),\u00a0<em>L\u2019esternalizzazione delle gestioni amministrative nelle pubbliche amministrazioni<\/em>, Maggioli, 2007.<\/li>\r\n \t<li style=\"text-align: justify;\">\"Les concessions \u00e0 dur\u00e9e endog\u00e8ne\",\u00a0<em>Droit administratif<\/em>, mai 2006.<\/li>\r\n \t<li style=\"text-align: justify;\">\u00ab Les prestations internes \u00e0 l\u2019administration \u00e0 l\u2019\u00e9preuve du droit communautaire des march\u00e9s publics \u00bb, Concurrences, 2006 n\u00b0 3, pp. 61-72. Acheter sur le site\u00a0<a href=\"http:\/\/www.concurrences.com\/article_revue_web.php3?id_article=1554\" target=\"_blank\" rel=\"noopener\">Concurrences.com<\/a><\/li>\r\n \t<li style=\"text-align: justify;\">Contribution \u00e0 IGD-Dexia,\u00a0<em>Partenariats public-priv\u00e9 : Mode d'emploi juridique et approche \u00e9conomique<\/em>, La Documentation fran\u00e7aise, 2006.<\/li>\r\n \t<li style=\"text-align: justify;\"><em>\u00ab A\u00a0Private Finance Initiative\u00a0\u00bb<\/em>\u00a0(Traduction de \u00ab\u00a0Introduction \u00e0 la Private Finance Initiative\u00a0\u00bb)\u00a0<em>Revista de Dereito publico da economia<\/em>\u00a0(RDPE) (Br\u00e9sil), n\u00b0 6, avril-juin 2004, pp. 127-180.\u00a0<em>Reprint in\u00a0<\/em>:\u00a0<em>Revista de Tribunais<\/em>, n\u00b0\u00a0sp\u00e9cial \u00ab\u00a0<em>Parcerias Publico Privado<\/em>\u00a0\u00bb,\u00a0Sa\u00f5 Paulo (Br\u00e9sil), novembre 2005.<\/li>\r\n \t<li style=\"text-align: justify;\">Co-auteur du classeur\u00a0<em>Formulaires et pi\u00e8ces contractuelles des march\u00e9s publics<\/em>, Paris, Weka, 2001-2004.<\/li>\r\n \t<li style=\"text-align: justify;\">\u00ab La nouvelle commission consultative des services publics locaux : d\u00e9buts de mise en oeuvre \u00bb, Bulletin des contrats et march\u00e9s publics, n\u00b0 22, juillet 2003.<\/li>\r\n \t<li style=\"text-align: justify;\">\u00ab Les r\u00e9formes de la commande publique : simple transposition des pratiques internationales ? \u00bb, Le Pont \u2013 Ponts et Chauss\u00e9es Magazine, novembre 2003.<\/li>\r\n \t<li style=\"text-align: justify;\">\u00ab La nouvelle commission consultative des services publics locaux \u00bb, L\u00e9gilocal, n\u00b0 5 juin 2002, p 10.<\/li>\r\n \t<li style=\"text-align: justify;\">Les contrats de travaux dans l\u2019Union europ\u00e9enne \u2013 D\u00e9veloppements r\u00e9cents, Paris, Le Moniteur, 6 d\u00e9cembre 2002, Cahier d\u00e9tach\u00e9 n\u00b0 2.<\/li>\r\n \t<li style=\"text-align: justify;\">\u00ab\u00a0SEM et mise en concurrence\u00a0: perspectives compar\u00e9es\u00a0\u00bb,\u00a0<em>RFDA<\/em>\u00a02002, n\u00b0\u00a05, pp.\u00a0938-951.<\/li>\r\n \t<li style=\"text-align: justify;\">\u00ab La nature et l\u2019opposabilit\u00e9 du r\u00e8glement du service public \u00bb, note sous Cass. 1\u00e8re civ., 11 d\u00e9cembre 2001, Cinq toits et moi, Bulletin des contrats et march\u00e9s publics n\u00b0 17.<\/li>\r\n \t<li style=\"text-align: justify;\">\u00ab Nature des services d\u00e9l\u00e9gables : l\u2019exemple du domaine et des formes d\u2019intervention de la commune dans les services fun\u00e9raires \u00bb, Bulletin des contrats et march\u00e9s publics, n\u00b0 14, p. 6.<\/li>\r\n \t<li style=\"text-align: justify;\">\u00ab Mort et vie du METP \u00bb, avec Arnaud Claud\u00e9-Mougel, Bulletin des contrats et march\u00e9s publics, n\u00b0 12, p. 6.<\/li>\r\n \t<li style=\"text-align: justify;\">\u00ab La gestion de l\u2019eau dans l\u2019Union europ\u00e9enne \u00bb, in : actes de la Table ronde sur \u00ab Public-Private Partnership in Water Management \u00bb, conf\u00e9rence mondiale sur l\u2019eau douce, Bonn, 5 d\u00e9cembre 2001, Paris, La Gazette des communes, (Coll. \u00ab \u00c9tudes et documents \u00bb), Cahier n\u00b0 2, 29 juillet 2001, pp. 242-246.<\/li>\r\n \t<li style=\"text-align: justify;\">\u00ab\u00a0Introduction \u00e0 la Private Finance Initiative\u00a0\u00bb,\u00a0<em>in<\/em>\u00a0: Philippe Cossalter et Bertrand du Marais,\u00a0<em>La Private Finance Initiative<\/em>, Institut de la gestion d\u00e9l\u00e9gu\u00e9e, 2001, pp. 11-74, pr\u00e9face Marceau Long.<\/li>\r\n<\/ul>\r\n<div><\/div>\r\n<div>\r\n<div>\r\n<h3><span style=\"text-decoration: underline;\">Notes \u00e0 la Revue g\u00e9n\u00e9rale du droit<\/span><\/h3>\r\n<h4>Posts notables<\/h4>\r\n<ul>\r\n \t<li>08\/04\/2013\u00a0\u00ab\u00a0Les habits neufs de l'Empereur ou la th\u00e9orie virtuelle de la domanialit\u00e9 publique\u00a0\u00bb, CE, SSR., 8 avril 2013, Association ATLALR, requ\u00eate num\u00e9ro 363738, publi\u00e9 au recueil (<a href=\"http:\/\/www.revuegeneraledudroit.eu\/?p=7252\" target=\"_blank\" rel=\"noopener\">www.revuegeneraledudroit.eu\/?p=7252<\/a>)<\/li>\r\n \t<li>18\/01\/2013 \u00ab\u00a0Gratuit\u00e9 dans les mus\u00e9es : le principe d'\u00e9galit\u00e9 appliqu\u00e9 aux personnes en situation irr\u00e9guli\u00e8re\u00a0\u00bb, CE, Section, 18 janvier 2013, SOS Racisme, requ\u00eate num\u00e9ro 328230 (<a href=\"http:\/\/www.revuegeneraledudroit.eu\/?p=4684\" target=\"_blank\" rel=\"noopener\">www.revuegeneraledudroit.eu\/?p=4684<\/a>)<\/li>\r\n<\/ul>\r\n<h4>2015<\/h4>\r\n<ul>\r\n \t<li style=\"text-align: justify;\">04\/03\/2015 : \"B\u00e9ziers III : sur la r\u00e9siliation des conventions pass\u00e9es entre personnes publiques\", Note sous CE, 27 f\u00e9vrier 2015, Commune de B\u00e9ziers (B\u00e9ziers III), n\u00b0 357028, rec. ' : Revue g\u00e9n\u00e9rale du droit <i>on line<\/i>, 2015, num\u00e9ro 19908 (<a href=\"http:\/\/www.revuegeneraledudroit.eu\/?p=19908\" target=\"_blank\" rel=\"noopener\">www.revuegeneraledudroit.eu\/?p=19908<\/a>)<\/li>\r\n \t<li style=\"text-align: justify;\">25\/02\/2015 : \"Comp\u00e9tence administrative pour conna\u00eetre des appels en garantie des participants \u00e0 un march\u00e9 de travaux\", Note flash sous TC, 9 f\u00e9vrier 2015, Soci\u00e9t\u00e9 ACE European Group Limited, num\u00e9ro C3983, publi\u00e9 au recueil ' : Revue g\u00e9n\u00e9rale du droit <i>on line<\/i>, 2015, num\u00e9ro 19781 (<a href=\"http:\/\/www.revuegeneraledudroit.eu\/?p=19781\" target=\"_blank\" rel=\"noopener\">www.revuegeneraledudroit.eu\/?p=19781<\/a>)<\/li>\r\n \t<li style=\"text-align: justify;\">08\/02\/2015 : \"D\u00e9partement du Tarn-et-Garonne n\u2019a pas abandonn\u00e9 Ville de Lisieux\", Note flash sous CE, SSR., 2 f\u00e9vrier 2015, Castronovo c. Commune d\u2019Aix-en-Provence, n\u00b0 373520, publi\u00e9 au recueil ' : Revue g\u00e9n\u00e9rale du droit <i>on line<\/i>, 2015, num\u00e9ro 19534 (<a href=\"http:\/\/www.revuegeneraledudroit.eu\/?p=19534\" target=\"_blank\" rel=\"noopener\">www.revuegeneraledudroit.eu\/?p=19534<\/a>)<\/li>\r\n \t<li style=\"text-align: justify;\">25\/01\/2015 : \"Interpr\u00e9tation neutralisante et non-renvoi d\u2019une QPC par le Conseil d\u2019Etat\", Note flash sous Conseil d'Etat, SSR., 21 janvier 2015, EURL 2B c. Commune d'Aigremont, requ\u00eate num\u00e9ro 382902, publi\u00e9 au recueil ' : Revue g\u00e9n\u00e9rale du droit <i>on line<\/i>, 2015, num\u00e9ro 19213 (<a href=\"http:\/\/www.revuegeneraledudroit.eu\/?p=19213\" target=\"_blank\" rel=\"noopener\">www.revuegeneraledudroit.eu\/?p=19213<\/a>)<\/li>\r\n<\/ul>\r\n<h4 style=\"text-align: justify;\">2014<\/h4>\r\n<ul style=\"text-align: justify;\">\r\n \t<li>21\/11\/2014 \"Pas une r\u00e9volution, une \u00e9volution : le Conseil d'Etat peut ne pas se prononcer sur la recevabilit\u00e9 d'une requ\u00eate \u00e0 l'occasion de laquelle est soulev\u00e9e une question prioritaire de constitutionnalit\u00e9 (QPC)\", note flash sous CE, SSR., 21 novembre 2014, Soci\u00e9t\u00e9 Mutuelle des Transports Assurances, requ\u00eate num\u00e9ro 384353 (<a href=\"http:\/\/www.revuegeneraledudroit.eu\/?p=18498\" target=\"_blank\" rel=\"noopener\">www.revuegeneraledudroit.eu\/?p=18498<\/a>)<\/li>\r\n \t<li>12\/11\/2014 \"Une circulaire est caduque lorsque les dispositions qu'elle interp\u00e8te disparaissent\" note sous CE, SSR., 12 novembre 2014, F\u00e9d\u00e9ration de l'hospitalisation priv\u00e9e, requ\u00eate num\u00e9ro 360264, publi\u00e9 au recueil<\/li>\r\n \t<li>03\/11\/2014 \"Le crit\u00e8re prix et les math\u00e9matiques \u00e9l\u00e9mentaires\", note flash sous CE, SSR., 3 novembre 2014, Commune de Belleville-sur-Loire, requ\u00eate num\u00e9ro 373362<\/li>\r\n \t<li>21\/05\/2014 \"Toutes les sanctions disciplinaires inflig\u00e9es aux d\u00e9tenus sont susceptibles d'\u00eatre d\u00e9f\u00e9r\u00e9es au juge de l'exc\u00e8s de pouvoir\", note flash sous CE, SSR., 21 mai 2014, Garde des Sceaux, requ\u00eate num\u00e9ro 359672, publi\u00e9 au recueil<\/li>\r\n \t<li>19\/05\/2014 \"Sur la faute personnelle non d\u00e9pourvue de tout lien avec le service : un rappel ne fait jamais de mal\", note flash sous TC, 19 mai 2014, Mme E\u2026B\u2026c. Maire de Ventabren, requ\u00eate num\u00e9ro C3939, publi\u00e9 au recueil<\/li>\r\n \t<li>\"Dommages de travaux publics et causes exon\u00e9ratoires de responsabilit\u00e9 : \u00eatre pauvre n'est pas une faute\", note flash sous CE, SSR., 10 f\u00e9vrier 2014, Mme B...A... c. Communaut\u00e9 urbaine Marseille Provence M\u00e9tropole, requ\u00eate num\u00e9ro 361280<\/li>\r\n<\/ul>\r\n<p style=\"text-align: justify;\"><strong>2013<\/strong><\/p>\r\n\r\n<ul>\r\n \t<li style=\"text-align: justify;\">11\/12\/2013 \u00ab\u00a0Quand le recours juridictionnel d\u00e9clenche le d\u00e9lai de recours (baroud d'honneur pour la contribution pour l'aide juridique)\u00a0\u00bb, Note flash sous CE, SSR, 11 d\u00e9cembre 2013, Mme B\u2026A\u2026\u2019C\u2026, requ\u00eate num\u00e9ro 365361<\/li>\r\n \t<li style=\"text-align: justify;\">13\/11\/2013 \u00ab\u00a0Sur l'intensit\u00e9 du contr\u00f4le des sanctions disciplinaires \u00e0 l'encontre des agents publics\u00a0\u00bb, Note flash sous CE, Assembl\u00e9e, 13 novembre 2013, M. A\u2026B\u2026, requ\u00eate num\u00e9ro 347704<\/li>\r\n \t<li style=\"text-align: justify;\">07\/11\/2013 \u00ab\u00a0Sur l'obligation de proposer des repas halal en prison\u00a0\u00bb, Note flash sous TA Grenoble, 7 novembre 2013, M. AB c. Directeur du centre p\u00e9nitentiaire de Saint-Quentin-Fallavier, requ\u00eate num\u00e9ro 1302502<\/li>\r\n \t<li style=\"text-align: justify;\">06\/11\/2013\u00a0\u00ab\u00a0Spl et exception in-house : le Conseil d'Etat applique la jurisprudence communautaire\u00a0\u00bb, Note sous CE, SSR., 6 novembre 2013, Commune de Marsannay-la-C\u00f4te, requ\u00eate num\u00e9ro 365079, publi\u00e9 au recueil<\/li>\r\n \t<li style=\"text-align: justify;\">06\/11\/2013\u00a0\u00ab\u00a0D\u00e9molition d'immeubles mena\u00e7ant ruine et pouvoirs de police du maire\u00a0\u00bb, Note flash sous CE, SSR., 6 novembre 2013, Commune de Cayenne, requ\u00eate num\u00e9ro 349245, publi\u00e9 au recueil<\/li>\r\n \t<li style=\"text-align: justify;\">06\/11\/2013 \u00ab\u00a0Prescription quadriennale et dommages \u00e9volutifs de travaux publics\u00a0\u00bb, Note sous CE, SSR., 6 novembre 2013, Mme C...B...c. commune de Mauguio, requ\u00eate num\u00e9ro 354931, publi\u00e9 au recueil<\/li>\r\n \t<li style=\"text-align: justify;\">29\/10\/2013\u00a0\u00ab\u00a0Les avis \"non conformes\" du CSM sont des actes administratifs faisant grief\u00a0\u00bb, Note sous CE, SSR., 29 octobre 2013, requ\u00eate num\u00e9ro 346569, publi\u00e9 au recueil<\/li>\r\n \t<li style=\"text-align: justify;\">21\/10\/2013\u00a0\u00ab\u00a0Les cons\u00e9quences de l'allongement du d\u00e9lai de retrait des actes administratifs\u00a0\u00bb, Note flash sous CE, SSR., 21 octobre 2013, M.B.A., requ\u00eate num\u00e9ro 361173, publi\u00e9 au recueil<\/li>\r\n \t<li style=\"text-align: justify;\">14\/10\/2013 \u00ab\u00a0Le prisonnier, l'entrepreneur et le gardien\u00a0\u00bb, Note sous TC, 14 octobre 2013, M. Olivier V., requ\u00eate num\u00e9ro C3918, publi\u00e9 au recueil<\/li>\r\n \t<li style=\"text-align: justify;\">10\/10\/2013\u00a0\u00ab\u00a0Egalit\u00e9 des sexes, in\u00e9galit\u00e9 des textes\u00a0\u00bb, Note sous CE, SSR, 10 octobre 2013, F\u00e9d\u00e9ration fran\u00e7aise de Gymnastique, requ\u00eate num\u00e9ro 359219<\/li>\r\n \t<li style=\"text-align: justify;\">02\/10\/2013\u00a0\u00ab\u00a0Obligation d'abrogation et articulation entre les comp\u00e9tences du maire et du conseil municipal\u00a0\u00bb, Note flash sous CE, SSR., 2 octobre 2013, Mme A\u2026B\u2026, requ\u00eate num\u00e9ro 367023, publi\u00e9 aux tables<\/li>\r\n \t<li style=\"text-align: justify;\">01\/10\/2013 \u00ab\u00a0O\u00f9 le spectre du domaine public par anticipation frappe encore\u00a0\u00bb, Note sous CE, SSR., 1 octobre 2013, Soci\u00e9t\u00e9 Espace Habitat Construction, requ\u00eate num\u00e9ro 349099, mentionn\u00e9 aux tables<\/li>\r\n \t<li style=\"text-align: justify;\">01\/10\/2013\u00a0\u00ab\u00a0La police sp\u00e9ciale en mati\u00e8re d'aires d'accueil des gens du voyage\u00a0\u00bb, Note flash sous CAA Douai, 1 octobre 2013, Commune d'Amiens, requ\u00eate num\u00e9ro 12DA01228, publi\u00e9 au recueil<\/li>\r\n \t<li style=\"text-align: justify;\">19\/04\/2013 \u00ab\u00a0Revirements de jurisprudence et principe du contradictoire\u00a0\u00bb, CE, Section, 19 avril 2013, Chambre de commerce et d'industrie d'Angoul\u00eame, requ\u00eate num\u00e9ro 340093, publi\u00e9 au recueil<\/li>\r\n \t<li style=\"text-align: justify;\">08\/04\/2013\u00a0\u00ab\u00a0Les habits neufs de l'Empereur ou la th\u00e9orie virtuelle de la domanialit\u00e9 publique\u00a0\u00bb, CE, SSR., 8 avril 2013, Association ATLALR, requ\u00eate num\u00e9ro 363738, publi\u00e9 au recueil<\/li>\r\n \t<li style=\"text-align: justify;\">08\/03\/2013\u00a0\u00ab\u00a0Article L. 80 A LPF et opposabilit\u00e9 de la doctrine administrative : c'est clair... quoique.\u00a0\u00bb, CE, Section, 8 mars 2013, Mme B... A..., requ\u00eate num\u00e9ro 353782, publi\u00e9 au recueil<\/li>\r\n \t<li style=\"text-align: justify;\">30\/01\/2013 \u00ab\u00a0Faute de la victime et responsabilit\u00e9 du fait des actes administratifs ill\u00e9gaux : les sangliers n'y sont pour rien !\u00a0\u00bb, CE, SSR, 30 janvier 2013, Michel I., requ\u00eate num\u00e9ro 339918, publi\u00e9 au recueil<\/li>\r\n \t<li style=\"text-align: justify;\">18\/01\/2013 \u00ab\u00a0Gratuit\u00e9 dans les mus\u00e9es : le principe d'\u00e9galit\u00e9 appliqu\u00e9 aux personnes en situation irr\u00e9guli\u00e8re\u00a0\u00bb, CE, Section, 18 janvier 2013, SOS Racisme, requ\u00eate num\u00e9ro 328230<\/li>\r\n \t<li style=\"text-align: justify;\">\u00ab\u00a0Vive le parlementarisme rationalis\u00e9 !\u00a0\u00bb<\/li>\r\n<\/ul>\r\n<strong>2012<\/strong>\r\n<ul>\r\n \t<li style=\"text-align: justify;\">26\/12\/2012 \u00ab\u00a0Sur l'usage du terme \"mademoiselle\" dans les formulaires administratifs\u00a0\u00bb, CE, 26 d\u00e9cembre 2012, \" Lib\u00e9rez les Mademoiselles ! \", requ\u00eate num\u00e9ro 358226<\/li>\r\n \t<li style=\"text-align: justify;\">21\/12\/2012 \u00ab\u00a0D\u00e9finition et r\u00e9gime des biens de retour des d\u00e9l\u00e9gations de service public\u00a0\u00bb, CE, Assembl\u00e9e, 21 d\u00e9cembre 2012, Commune de Douai, requ\u00eate num\u00e9ro 342788<\/li>\r\n \t<li style=\"text-align: justify;\">12\/12\/2012 \u00ab\u00a0Le pouvoir hi\u00e9rarchique des ministres sur les Agences r\u00e9gionales de sant\u00e9\u00a0\u00bb, CE, 12 d\u00e9cembre 2012, Syndicat national des \u00e9tablissements et r\u00e9sidences priv\u00e9s pour les personnes \u00e2g\u00e9es (SYNERPA), requ\u00eate num\u00e9ro 350479 et CE, 12 d\u00e9cembre 2012, Syndicat des m\u00e9decins inspecteurs de sant\u00e9 publique (SMISP) requ\u00eate num\u00e9ro 354635, publi\u00e9s au recueil Lebon<\/li>\r\n \t<li style=\"text-align: justify;\">06\/12\/2012 \u00ab\u00a0Les d\u00e9cisions de placement d'un d\u00e9tenu en r\u00e9gime diff\u00e9renci\u00e9 n'ont pas \u00e0 \u00eatre motiv\u00e9es\u00a0\u00bb, CE, 6 d\u00e9cembre 2012, Ministre de la justice, requ\u00eate num\u00e9ro 344995, publi\u00e9 au recueil Lebon<\/li>\r\n \t<li style=\"text-align: justify;\">26\/11\/2012 \u00ab\u00a0Le recours dirig\u00e9 contre la d\u00e9cision refusant de modifier un d\u00e9cret est un recours exerc\u00e9 contre le d\u00e9cret\u00a0\u00bb, CE, 26 novembre 2012, Monsieur Sidy B., requ\u00eate num\u00e9ro 356105<\/li>\r\n \t<li style=\"text-align: justify;\">15\/11\/2012 \u00ab\u00a0Recours contre les d\u00e9cisions opposant la prescription quadriennale\u00a0\u00bb, CE, 15 novembre 2012, Commune de Cavalaire-sur-Mer, requ\u00eate num\u00e9ro 355755, publi\u00e9 au recueil Lebon<\/li>\r\n \t<li style=\"text-align: justify;\">14\/11\/2012 \u00ab\u00a0R\u00e9gime du retrait des d\u00e9l\u00e9gations aux adjoints au maire\u00a0\u00bb, CE, 14 novembre 2012, M. Louis A., requ\u00eate num\u00e9ro 361541<\/li>\r\n \t<li style=\"text-align: justify;\">12\/11\/2012 \u00ab\u00a0De la responsabilit\u00e9 pour faute de l'OFPRA\u00a0\u00bb, CE, Avis, 12 novembre 2012, OFPRA, requ\u00eate num\u00e9ro 355134<\/li>\r\n \t<li style=\"text-align: justify;\">29\/10\/2012 \u00ab\u00a0Exploitation commerciale des collections mus\u00e9ales et libert\u00e9 du commerce et de l'industrie\u00a0\u00bb, CE, 29 octobre 2012, SARL Photo Josse, requ\u00eate num\u00e9ro 341173<\/li>\r\n \t<li style=\"text-align: justify;\">19\/10\/2012 \u00ab\u00a0Comp\u00e9tence juridictionnelle pour conna\u00eetre des litiges relatifs \u00e0 la retraite additionnelle de la fonction publique\u00a0\u00bb, CE, 19 octobre 2012, Etablissement de la retraite additionnelle de la fonction publique (ERAFP), requ\u00eate num\u00e9ro 342212<\/li>\r\n \t<li style=\"text-align: justify;\">11\/10\/2012 \u00ab\u00a0Les avis de l'Autorit\u00e9 de la concurrence peuvent \u00eatre des actes administratifs faisant grief\u00a0\u00bb, CE, 11 octobre 2012, Soci\u00e9t\u00e9 Casino Guichard-Perrachon, requ\u00eate num\u00e9ro 357193<\/li>\r\n \t<li style=\"text-align: justify;\">03\/10\/2012 \u00ab\u00a0Personnes publiques et remboursement des frais irr\u00e9p\u00e9tibles\u00a0\u00bb, CE, 3 octobre 2012, Ministre de la d\u00e9fense et des anciens combattants, requ\u00eate num\u00e9ro 357248<\/li>\r\n \t<li style=\"text-align: justify;\">24\/09\/2012 \u00ab\u00a0Pouvoirs de police du maire et cultures OGM\u00a0\u00bb, CE, 24 septembre 2012, Commune de Valence, requ\u00eate num\u00e9ro 342990<\/li>\r\n \t<li style=\"text-align: justify;\">16\/04\/2012 \u00ab\u00a0R\u00e9f\u00e9r\u00e9 suspension en mati\u00e8re d'environnement\u00a0\u00bb, Note sous CE, 16 avril 2012, Commune de Conflans-Sainte-Honorine, req.n. 355792<\/li>\r\n \t<li style=\"text-align: justify;\">01\/03\/2012 \u00ab\u00a0Offre anormalement basse et transferts de salari\u00e9s\u00a0\u00bb, Note sous CE 1 mars 2012 D\u00e9partement de corse du sud n.354159<\/li>\r\n<\/ul>\r\n<\/div>\r\n<h2>\u00a0<strong>Colloques et formations<\/strong><\/h2>\r\n<h3><strong><span style=\"text-decoration: underline;\">Missions et colloques \u00e0 l\u2019\u00e9tranger (hors France et Allemagne)<\/span><\/strong><\/h3>\r\n<div>\r\n<ul>\r\n \t<li>Professeur invit\u00e9 (Visiting Professor), Universit\u00e9 de <strong>Cagliari<\/strong> (<strong>Italie<\/strong>, Sardaigne), 5 et 6 d\u00e9cembre 2017. S\u00e9minaire \"L'internazionalizzazione del diritto amministrativo\".<\/li>\r\n \t<li>Professeur invit\u00e9 (Visiting Professor), Universit\u00e9 de <strong>Cagliari<\/strong> (<strong>Italie<\/strong>, Sardaigne), novembre-d\u00e9cembre 2016. S\u00e9minaire \"Il diritto amministrativo francese a raffronto con la modernit\u00e0\".<\/li>\r\n \t<li style=\"text-align: justify;\"><strong>\u00ab<\/strong>Perception de la r\u00e9forme constitutionnelle tunisienne en France et en Allemagne<strong>\u00bb<\/strong>, Universit\u00e9 internationale de <strong>Tunis<\/strong>, 27 octobre 2016.<\/li>\r\n \t<li style=\"text-align: justify;\">Cours de droit administratif \u00e0 l'Universit\u00e9 ELTE (<strong>Budapest<\/strong>), septembre 2008; octobre 2009.<\/li>\r\n \t<li style=\"text-align: justify;\">Intervention \u00e0 l\u2019Universit\u00e9 de <strong>Sienne<\/strong>, 24 novembre 2006 (v. le\u00a0<a href=\"http:\/\/www.cossalter.net\/cossalter\/docs\/siena.pdf\" target=\"_blank\" rel=\"noopener\">programme<\/a>, et le\u00a0<a href=\"http:\/\/www.cossalter.net\/cossalter\/docs\/esternalizzazione_colloquesienne.pdf\" target=\"_blank\" rel=\"noopener\">compte-rendu<\/a>\u00a0par Laura Zanettini pour<a href=\"http:\/\/www.esternalizzazioni.it\/\" target=\"_blank\" rel=\"noopener\">www.esternalizzazioni.it<\/a>). Publi\u00e9 en d\u00e9cembre 2007 aux \u00e9ditions Maggioli.<\/li>\r\n \t<li style=\"text-align: justify;\">Conf\u00e9rence \u00e0 <strong>Bruxelles<\/strong> sur les diff\u00e9rents modes de gestion des services publics, 4 juillet 2006.<\/li>\r\n \t<li style=\"text-align: justify;\">Conf\u00e9rence \u00e0 <strong>Moscou<\/strong> le 19 d\u00e9cembre 2003, pour le compte du Minist\u00e8re de l\u2019\u00c9quipement.<\/li>\r\n \t<li style=\"text-align: justify;\">Conf\u00e9rence \u00e0 <strong>Ankara<\/strong> le 21 octobre 2003 pour le compte d\u2019UBIFRANCE en partenariat avec le minist\u00e8re de l\u2019\u00c9quipement.<\/li>\r\n \t<li style=\"text-align: justify;\">Cycle de conf\u00e9rences au <strong>Br\u00e9sil<\/strong> (Sa\u00f5 Paulo, Recife, Curitiba, Joinville) du 10 au 20 ao\u00fbt 2003, pour le compte d\u2019UBIFRANCE.<\/li>\r\n \t<li style=\"text-align: justify;\">Mission d\u2019expertise au <strong>Costa Rica<\/strong> en juillet 2003 pour le compte du Minist\u00e8re de l\u2019\u00c9quipement (DAEI), en vue de la r\u00e9forme l\u00e9gislative du droit des concessions.<\/li>\r\n \t<li style=\"text-align: justify;\">\u00ab\u00a0Le mod\u00e8le fran\u00e7ais des concessions de travaux\u00a0\u00bb, conf\u00e9rences \u00e0 Bogota (<strong>Colombie<\/strong>), Quito (<strong>Equateur<\/strong>) et Lima (<strong>P\u00e9rou<\/strong>), juillet 2002 pour le compte d\u2019UBIFRANCE et de l\u2019IGD..<\/li>\r\n \t<li style=\"text-align: justify;\">\u00ab\u00a0<strong>Les aspects \u00e9conomiques de la gestion d\u00e9l\u00e9gu\u00e9e<\/strong>\u00a0\u00bb, conf\u00e9rences CFME-ACTIM, les 28 novembre et 1er d\u00e9cembre 2000 \u00e0 Ljubljana (Slov\u00e9nie) et Zagreb (Croatie).<\/li>\r\n<\/ul>\r\n<\/div>\r\n<h3><strong><span style=\"text-decoration: underline;\">Interventions en Allemagne<\/span><\/strong><\/h3>\r\n<ul>\r\n \t<li><strong>\"Konvergenzen und Divergenzen im europ\u00e4ischen Recht am Beispiel der Daseinvorsorge auf lokaler Ebene\", <\/strong>10 juin 2016, Universit\u00e9 de la Sarre.\u00a0S\u00e9minaire ferm\u00e9 du\u00a0CEUS sur le th\u00e8me Konvergenz und Divergenz in Europ\u00e4isierungsprozessen\u201c les 10 et 11 juin 2016.<\/li>\r\n \t<li>\"<strong>Der Wirtschaftsliberalismus im kontinentaleurop\u00e4ischen Recht<\/strong>\",\u00a0Universit\u00e9 de\u00a0Mannheim, 26 mars 2015, dans le cadre de la Ringvorlesung \"\u00d6konomien der Romania\".<\/li>\r\n \t<li>\u201e<strong>Une histoire de la doctrine juridique franco-allemande<\/strong>\u201c (intervention en langue fran\u00e7aise),\u00a0Lesecaf\u00e9 der Stadtbibliothek, 12 juin 2013, dans le cadre de la Ringvorlesung organis\u00e9e par le\u00a0Frankreichzentrum en coop\u00e9ration avec le Bereich Romanische Kulturwissenschaft und Interkulturelle Kommunikation der Universit\u00e4t des Saarlandes et le Landeshauptstadt Saarbr\u00fccken.<\/li>\r\n \t<li>Intervention sur \u00ab\u00a0Les modes de gestion de l\u2019eau dans l\u2019Union europ\u00e9enne\u00a0\u00bb, dans le cadre de la Conf\u00e9rence mondiale sur l\u2019eau douce, Bonn, 5 d\u00e9cembre 2001<\/li>\r\n<\/ul>\r\n<h3><strong><span style=\"text-decoration: underline;\">Intervention en\u00a0France<\/span><\/strong><\/h3>\r\n<div>\r\n<ul>\r\n \t<li style=\"text-align: justify;\"><strong>\"Le choix du recours \u00e0 un partenaire pour la gestion globale d'un ouvrage - L'analyse du juriste\"<\/strong>, intervention \u00e0 l'occasion du colloque \"L'\u00e9conomie du contrat de partenariat. - Les inflexions du droit sous l'influence de l'\u00e9conomie dans les march\u00e9s de partenariat\", Universit\u00e9 de Bordeaux, 16 novembre 2017.<\/li>\r\n \t<li style=\"text-align: justify;\"><strong>\"Les mod\u00e8les de contractualisation\"<\/strong>, intervention \u00e0 l'occasion du colloque \"La contractualisation en droit public : bilan et persepctives\", Universit\u00e9 de Lille, 23 mars 2017.<\/li>\r\n \t<li style=\"text-align: justify;\"><strong>\"Trouver un lieu s\u00e9curis\u00e9 pour \u00e9chapper \u00e0 la concurrence : les potentialit\u00e9s du in-house et du backyard management\"<\/strong>,\u00a0\u00a0dans le cadre du colloque \u00ab Les directives et les ordonnances march\u00e9s et concessions: les nouvelles marges de la commande publique\u00bb, 3 juin 2016 \u2013 Les Tertiales \u2013 Valenciennes, organis\u00e9 par St\u00e9phane De La Rosa.<\/li>\r\n \t<li style=\"text-align: justify;\">\"<strong>La dignit\u00e9 de la personne humaine en droit public fran\u00e7ais<\/strong>\", intervention \u00e0 la 7\u00e8me conf\u00e9rence-d\u00e9bat du Centre de droit public compar\u00e9, Universit\u00e9 Panth\u00e9on-Assas Paris II, 30 octobre 2014, publi\u00e9 <em>in<\/em> : Revue g\u00e9n\u00e9rale du droit on line, 2014, num\u00e9ro 18309 (<a href=\"http:\/\/www.revuegeneraledudroit.eu\/?p=18309\" target=\"_blank\" rel=\"noopener\">www.revuegeneraledudroit.eu\/?p=18309<\/a>).<\/li>\r\n \t<li style=\"text-align: justify;\">\"<strong>Les Grands arr\u00eats de la jurisprudence administrative<\/strong>\",\u00a0colloque organis\u00e9 par le CERSA \u00e0 l\u2019Universit\u00e9 Paris II le 8 f\u00e9vrier 2014. \u00a0Publi\u00e9\u00a0<em>in<\/em> : Caillosse (Jacques) et Renaudie (Olivier), Le Conseil d\u2019Etat et l\u2019Universit\u00e9, Paris, Dalloz, 2015, pp. 163-177.<\/li>\r\n \t<li style=\"text-align: justify;\">Conf\u00e9rence sur \"<strong>20 ans de contentieux administratif des contrats publics : permanence et innovations<\/strong>\". 1er d\u00e9cembre 2010 \u00e0 L'Institut de France. Pour les 20 ans de l'IDPA, dans le cadre des Floril\u00e8ges du droit public. Actes \u00e0 para\u00eetre \u00e0\u00a0<em>La m\u00e9moire du droit<\/em>.<\/li>\r\n \t<li>Participation au colloque \"<strong>Les recours contre les march\u00e9s publics en France et en Allemagne depuis la transposition de la nouvelle directive \u00ab recours \u00bb<\/strong>\", Universit\u00e9 de Metz, 24 septembre 2010. Pr\u00e9sidence du deuxi\u00e8me atelier \"Libert\u00e9 contractuelle, libre-concurrence et int\u00e9r\u00eat g\u00e9n\u00e9ral dans le r\u00e9gime des march\u00e9s publics en France et en Allemagne\". T\u00e9l\u00e9chargez le programme du colloque en\u00a0<a href=\"http:\/\/www.cossalter.net\/cossalter\/docs\/colloque_metz_20100924.pdf\" target=\"_blank\" rel=\"noopener\">PDF<\/a><\/li>\r\n \t<li style=\"text-align: justify;\">\"<strong>Les EPIC face au droit de la concurrence<\/strong>\", 24 avril 2009, dans le cadre du colloque \"Les EPIC dans tous leurs \u00e9tats\", organis\u00e9 \u00e0 l'Universit\u00e9 de Lyon III. V. le programme du colloque en\u00a0<a href=\"http:\/\/www.cossalter.net\/cossalter\/docs\/Plaquette%20colloque%20EPIC.pdf\" target=\"_blank\" rel=\"noopener\">PDF<\/a><\/li>\r\n \t<li style=\"text-align: justify;\">\"<strong>S\u00e9curit\u00e9 publique et secteur priv\u00e9<\/strong>\" \u00e0 l'occasion du Colloque EUROPA, \"La s\u00e9curit\u00e9 int\u00e9rieure en Europe : entre protection des citoyens et fr\u00e9n\u00e9sie s\u00e9curitaire ?\", Limoges, 14 novembre 2008 (<a href=\"http:\/\/www.europaong.org\/\" target=\"_blank\" rel=\"noopener\">http:\/\/www.europaong.org<\/a>) . T\u00e9l\u00e9chargez\u00a0<a href=\"http:\/\/www.cossalter.net\/cossalter\/docs\/Programme_colloque_EUROPA_2008.pdf\" target=\"_blank\" rel=\"noopener\">le programme<\/a>, ainsi que le r\u00e9sum\u00e9, le sommaire et la bibliographie de l'intervention,\u00a0<a href=\"http:\/\/www.cossalter.net\/cossalter\/docs\/INTERVENTION_EUROPA_20081114_Abstracts.pdf\" target=\"_blank\" rel=\"noopener\">au format PDF<\/a>.<\/li>\r\n \t<li style=\"text-align: justify;\">\u00ab <strong>L\u2019alin\u00e9a 9<\/strong> \u00bb, intervention dans le cadre de la Conf\u00e9rence de l\u2019\u00e9cole doctorale Georges Vedel, Universit\u00e9 Panth\u00e9on-Assas (Paris II), \u00ab Le pr\u00e9ambule de la Constitution de 1946 \u00bb, 1er juin 2007.<\/li>\r\n \t<li style=\"text-align: justify;\">Sciences Po,\u00a0<a href=\"http:\/\/chairemadp.sciences-po.fr\/index.html\" target=\"_blank\" rel=\"noopener\">Chaire Mutations de l\u2019Action publique et du Droit Public<\/a>, s\u00e9minaire \u00ab Droit administratif compar\u00e9, europ\u00e9en et global \u00bb, 23 mars 2007.<\/li>\r\n \t<li style=\"text-align: justify;\">Grand t\u00e9moin sur le cas de l'Espagne lors des\u00a0<em>Rencontres de la construction<\/em>, Palais du Luxembourg, 10 d\u00e9cembre 2002, \"Les contrats de construction en Europe : comparaisons nationales et \u00e9volution de la r\u00e9glementation europ\u00e9enne \".<\/li>\r\n \t<li style=\"text-align: justify;\">\u00ab L\u2019\u00e9conomie mixte en Europe \u00bb, 36\u00e8me Congr\u00e8s national des SEM, Marseille, 16 octobre 2002.<\/li>\r\n \t<li style=\"text-align: justify;\">\u00ab \u00c9conomie mixte et gestion d\u00e9l\u00e9gu\u00e9e \u00bb, 35\u00e8me Congr\u00e8s national des SEM, Grenoble, 5 octobre 2001.<\/li>\r\n \t<li style=\"text-align: justify;\">\u00ab<strong> La double nature du contrat de partenariat<\/strong> \u00bb, rapport introductif aux actes du colloque DEPFA Banque \u2013 Fitch Rating, Quels partenariats public-priv\u00e9 pour les grands projets locaux ?, Palais du Luxembourg, 11 mars 2004.<\/li>\r\n \t<li style=\"text-align: justify;\">Rapporteur de la table ronde DEPFA Bank sur \u00ab Le renouveau des concessions d\u2019infrastructures en France \u00bb du mardi 21 janvier 2003. Actes dactylographi\u00e9s et broch\u00e9s.<\/li>\r\n \t<li style=\"text-align: justify;\">Intervention dans le cadre du Master DERE (Sciences Po Strasbourg), 2011, 2012, 2013.<\/li>\r\n \t<li style=\"text-align: justify;\">Diverses interventions pour l'ENA, l'ENACT, l\u2019\u00c9cole de la Ma\u00eetrise d\u2019Ouvrage (\u00c9cole des Ponts et Chauss\u00e9es), la DAEI (Minist\u00e8re de l'\u00e9quipement), l'IEJ de PAris 2.<\/li>\r\n<\/ul>\r\n<\/div>\r\n<\/div>\r\n<h2><strong>Directions et co-directions de th\u00e8ses et m\u00e9moires, participation \u00e0 des jurys<\/strong><\/h2>\r\n<h3><strong><span style=\"text-decoration: underline;\">Directions et co-directions de th\u00e8ses<\/span><\/strong><\/h3>\r\n<ul>\r\n \t<li>Felix Schubert,\u00a0<em>L\u2019Etat partie \u00e0 l\u2019arbitrage\u00a0: comparaison France - Allemagne, <\/em>co-tutelle avec Gilles G. Guglielmi, Universit\u00e9 Panth\u00e9on-Assas (Paris 2), 2017 -<\/li>\r\n \t<li>Laura Jaillet,\u00a0<em>La coop\u00e9ration frontali\u00e8re en mati\u00e8re de pr\u00e9vention des risques, <\/em>co-tutelle avec Gilles G. Guglielmi, Universit\u00e9 Panth\u00e9on-Assas (Paris 2), 2017 -<\/li>\r\n \t<li>Anne-Claire Mansion, <em>Blockchain et droit public<\/em>, co-direction avec Lucie Cluzel, Universit\u00e9 de Lorraine, 2016-<\/li>\r\n<\/ul>\r\n<h3><strong><span style=\"text-decoration: underline;\">Directions et co-directions de\u00a0m\u00e9moires<\/span><\/strong><\/h3>\r\n<h4>Universit\u00e9 de la Sarre<\/h4>\r\n<ul>\r\n \t<li>Martha Maniura, \"Existe-t-il un droit frontalier ?\",\u00a0Seminar im franz\u00f6sischen Recht mit\u00a0rechtsvergleichenden Aspekten zum deutschen Recht,\u00a0Sommersemester\u00a02017<\/li>\r\n \t<li>Leonie Babst, \"Collecte et traitement des d\u00e9chets en zone frontali\u00e8re : \u00e9tude de cas autour du SYDEME\",\u00a0Seminar im franz\u00f6sischen Recht mit\u00a0rechtsvergleichenden Aspekten zum deutschen Recht,\u00a0Sommersemester 2015<\/li>\r\n \t<li>Lyn Paula Fischer, \"La coop\u00e9ration hospitali\u00e8re transfrontali\u00e8re : \u00e9tude de cas\", Seminar im franz\u00f6sischen Recht mit\u00a0rechtsvergleichenden Aspekten zum deutschen Recht,\u00a0Sommersemester 2015<\/li>\r\n \t<li>Julia Brandenberger, \"Le respect de la la\u00efcit\u00e9 en milieu scolaire en France et en Allemagne\",\u00a0Seminar im franz\u00f6sischen Recht mit rechtsvergleichenden Aspekten zum deutschen Recht, Wintersemester 2013-2014<\/li>\r\n<\/ul>\r\n<h4>Universit\u00e9 de Lorraine<\/h4>\r\n<ul>\r\n \t<li>Soraya \u00a0Alnajem Azzam,\u00a0\u00ab\u00a0La police administrative et les circonstances locales\u00a0\u00bb, Master 2 Droit des collectivit\u00e9s territoriales et coop\u00e9ration transfrontali\u00e8re, 2016-2017<\/li>\r\n<\/ul>\r\n<h4>Universit\u00e9 Panth\u00e9on-Assas (Paris 2)<\/h4>\r\n<ul>\r\n \t<li>Agathe Roussel, \"La soumission de l'administration fran\u00e7aise aux droits \u00e9trangers\",\u00a0Master II Droit Public Compar\u00e9, Universit\u00e9 Panth\u00e9on-Assas (Paris 2), 2015-2016<\/li>\r\n \t<li>Dimitra Tzitziou, \"Public Interest et rulemaking process aux Etats-Unis\",\u00a0Master II Droit Public Compar\u00e9, Universit\u00e9 Panth\u00e9on-Assas (Paris 2), 2015-2016<\/li>\r\n<\/ul>\r\n&nbsp;\r\n<h3><strong><span style=\"text-decoration: underline;\">Participation \u00e0 des jurys de th\u00e8se\u00a0<\/span><\/strong><\/h3>\r\n<h4>En qualit\u00e9 de rapporteur<\/h4>\r\n<ul>\r\n \t<li>Florin Irima, Le contentieux pr\u00e9contractuel des march\u00e9s publics en France et en Roumanie, Universit\u00e9 Panth\u00e9on-Assas (Paris II), sous la direction de Gilles Guglielmi, 16 d\u00e9cembre 2016.<\/li>\r\n \t<li>Reine Wakote, L' \u00e9volution des conceptions doctrinales et jurisprudentielles relatives au pouvoir de d\u00e9cision de l'administration en Allemagne et en France depuis 1860 : (pouvoir discr\u00e9tionnaire stricto sensu et notion juridique ind\u00e9termin\u00e9e), Universit\u00e9 Paris I Panth\u00e9on-Sorbonne, sous la direction de Michel Fromont, 2011<\/li>\r\n<\/ul>\r\n(liste \u00e0 compl\u00e9ter)","_et_gb_content_width":"","footnotes":""},"class_list":["post-163","page","type-page","status-publish","has-post-thumbnail","hentry"],"_links":{"self":[{"href":"https:\/\/www.cossalter.net\/index.php?rest_route=\/wp\/v2\/pages\/163","targetHints":{"allow":["GET"]}}],"collection":[{"href":"https:\/\/www.cossalter.net\/index.php?rest_route=\/wp\/v2\/pages"}],"about":[{"href":"https:\/\/www.cossalter.net\/index.php?rest_route=\/wp\/v2\/types\/page"}],"author":[{"embeddable":true,"href":"https:\/\/www.cossalter.net\/index.php?rest_route=\/wp\/v2\/users\/2"}],"replies":[{"embeddable":true,"href":"https:\/\/www.cossalter.net\/index.php?rest_route=%2Fwp%2Fv2%2Fcomments&post=163"}],"version-history":[{"count":50,"href":"https:\/\/www.cossalter.net\/index.php?rest_route=\/wp\/v2\/pages\/163\/revisions"}],"predecessor-version":[{"id":891,"href":"https:\/\/www.cossalter.net\/index.php?rest_route=\/wp\/v2\/pages\/163\/revisions\/891"}],"wp:featuredmedia":[{"embeddable":true,"href":"https:\/\/www.cossalter.net\/index.php?rest_route=\/wp\/v2\/media\/793"}],"wp:attachment":[{"href":"https:\/\/www.cossalter.net\/index.php?rest_route=%2Fwp%2Fv2%2Fmedia&parent=163"}],"curies":[{"name":"wp","href":"https:\/\/api.w.org\/{rel}","templated":true}]}}