{"id":448,"date":"2013-04-01T11:50:06","date_gmt":"2013-04-01T11:50:06","guid":{"rendered":"http:\/\/cossalter.net\/?page_id=448"},"modified":"2017-11-18T22:33:41","modified_gmt":"2017-11-18T22:33:41","slug":"these","status":"publish","type":"page","link":"https:\/\/www.cossalter.net\/?page_id=448","title":{"rendered":"Th\u00e8se"},"content":{"rendered":"<div align=\"justify\">\n<p>Les d\u00e9l\u00e9gations d&#8217;activit\u00e9s publiques dans l&#8217;Union europ\u00e9enne est une th\u00e8se soutenue le 6 septembre 2005. Elle \u00e9tait dirig\u00e9e par le Professeur Pierre Delvolv\u00e9.<\/p>\n<p style=\"text-align: left;\">Composition du jury :<\/p>\n<p style=\"text-align: left;\">&#8211; M. le professeur Jean-Bernard AUBY, rapporteur<\/p>\n<p style=\"text-align: left;\">&#8211; M. le professeur Pierre DELVOLVE, directeur<\/p>\n<p style=\"text-align: left;\">&#8211; M. le professeur Etienne FATOME, pr\u00e9sident du jury<\/p>\n<p style=\"text-align: left;\">&#8211; M. Alain MENEMENIS, Conseiller d&#8217;Etat<\/p>\n<p style=\"text-align: left;\">&#8211; M. le professeur Philippe TERNEYRE, rapporteur<\/p>\n<\/div>\n<div style=\"text-align: left;\" align=\"justify\">\u00a0Cette th\u00e8se s&#8217;est vue d\u00e9livrer le Prix de th\u00e8se de l&#8217;Universit\u00e9 Panth\u00e9on-Assas (Paris II) et le Premier prix du Centre fran\u00e7ais de droit compar\u00e9.<\/div>\n<p>&nbsp;<\/p>\n<div align=\"justify\"><\/div>\n<div align=\"justify\">\n<h3>R\u00e9sum\u00e9 de la quatri\u00e8me de couverture<\/h3>\n<\/div>\n<div align=\"justify\"><\/div>\n<div align=\"justify\">Le mod\u00e8le classique de la concession de travaux et de services publics a subi une triple \u00e9volution tenant \u00e0 ses parties, son objet et son mode de r\u00e9mun\u00e9ration. Les parties au contrat sont, de mani\u00e8re croissante, des entit\u00e9s mixtes m\u00ealant de mani\u00e8re complexe capitaux publics et priv\u00e9s , l\u2019objet du contrat n\u2019est plus seulement une prestation rendue aux tiers \u00e0 l\u2019administration, mais \u00e9galement une prestation de travaux et de services rendue \u00e0 l\u2019administration elle-m\u00eame , la r\u00e9mun\u00e9ration peut prendre toute les formes, d\u2019une r\u00e9mun\u00e9ration int\u00e9gralement assur\u00e9e par l\u2019usager \u00e0 un paiement public. Les distinctions communautaire et fran\u00e7aise entre march\u00e9s publics et concessions ne sont plus \u00e0 m\u00eame de rendre compte du continuum contractuel par lequel les administrations publiques europ\u00e9ennes assurent leurs fonctions. L\u2019\u00e9tude des droits allemand, anglais, belge, espagnol, fran\u00e7ais et italien d\u00e9montre la grande fongibilit\u00e9 des d\u00e9finitions du march\u00e9 public et des contrats de gestion de services publics, et la n\u00e9cessit\u00e9 d\u2019\u00e9tablir un cadre unifi\u00e9 au niveau communautaire permettant d\u2019accueillir toutes les traditions nationales. Ce cadre juridique devrait suivre trois axes : une meilleure prise en compte des formes publiques ou semi-publiques de gestion, l\u2019\u00e9tablissement d\u2019un r\u00e9gime unifi\u00e9 pour tous les contrats complexes de prestations de travaux et de services qui s\u2019opposent aux simples march\u00e9s publics de prestations ponctuelles, la conciliation des principes de transparence et d\u2019efficacit\u00e9.<\/div>\n<div align=\"justify\">\n<p>&nbsp;<\/p>\n<h3>T\u00e9l\u00e9charger les annexes<\/h3>\n<\/div>\n<div align=\"justify\"><\/div>\n<div align=\"justify\">En raison d&#8217;un manque de place, les annexes de la version dactylographi\u00e9e de ma th\u00e8se n&#8217;ont pu \u00eatre reproduites dans l&#8217;ouvrage publi\u00e9.<\/div>\n<div align=\"justify\">\n<p>Voici ces\u00a0<a href=\"http:\/\/www.cossalter.net\/cossalter\/docs\/cossalter_annexes.pdf\" target=\"_blank\" rel=\"noopener\">annexes\u00a0<\/a>(PDF, 938 ko)\u00a0(Annexe 1\u00a0: Liste des textes cit\u00e9s; Annexe 2\u00a0: Textes originaux et traductions)<\/p>\n<p>La table des mati\u00e8res est \u00e9galement disponible en t\u00e9l\u00e9chargement au format\u00a0<a href=\"http:\/\/www.cossalter.net\/cossalter\/docs\/cossalter_tbm.pdf\" target=\"_blank\" rel=\"noopener\">PDF<\/a>\u00a0(92 Ko) (NB : des diff\u00e9rences de pagination peuvent exister avec la version publi\u00e9e).<\/p>\n<\/div>\n","protected":false},"excerpt":{"rendered":"<p>Les d\u00e9l\u00e9gations d&#8217;activit\u00e9s publiques dans l&#8217;Union europ\u00e9enne est une th\u00e8se soutenue le 6 septembre 2005. Elle \u00e9tait dirig\u00e9e par le Professeur Pierre Delvolv\u00e9. Composition du jury : &#8211; M. le professeur Jean-Bernard AUBY, rapporteur &#8211; M. le professeur Pierre DELVOLVE, directeur &#8211; M. le professeur Etienne FATOME, pr\u00e9sident du jury &#8211; M. Alain MENEMENIS, Conseiller [&hellip;]<\/p>\n","protected":false},"author":2,"featured_media":0,"parent":0,"menu_order":0,"comment_status":"open","ping_status":"open","template":"","meta":{"_et_pb_use_builder":"","_et_pb_old_content":"","_et_gb_content_width":"","footnotes":""},"class_list":["post-448","page","type-page","status-publish","hentry"],"_links":{"self":[{"href":"https:\/\/www.cossalter.net\/index.php?rest_route=\/wp\/v2\/pages\/448","targetHints":{"allow":["GET"]}}],"collection":[{"href":"https:\/\/www.cossalter.net\/index.php?rest_route=\/wp\/v2\/pages"}],"about":[{"href":"https:\/\/www.cossalter.net\/index.php?rest_route=\/wp\/v2\/types\/page"}],"author":[{"embeddable":true,"href":"https:\/\/www.cossalter.net\/index.php?rest_route=\/wp\/v2\/users\/2"}],"replies":[{"embeddable":true,"href":"https:\/\/www.cossalter.net\/index.php?rest_route=%2Fwp%2Fv2%2Fcomments&post=448"}],"version-history":[{"count":10,"href":"https:\/\/www.cossalter.net\/index.php?rest_route=\/wp\/v2\/pages\/448\/revisions"}],"predecessor-version":[{"id":746,"href":"https:\/\/www.cossalter.net\/index.php?rest_route=\/wp\/v2\/pages\/448\/revisions\/746"}],"wp:attachment":[{"href":"https:\/\/www.cossalter.net\/index.php?rest_route=%2Fwp%2Fv2%2Fmedia&parent=448"}],"curies":[{"name":"wp","href":"https:\/\/api.w.org\/{rel}","templated":true}]}}